{"id":347,"date":"2020-06-27T22:52:42","date_gmt":"2020-06-27T20:52:42","guid":{"rendered":"https:\/\/www.st-anna.eu\/?page_id=347"},"modified":"2024-12-03T17:21:07","modified_gmt":"2024-12-03T16:21:07","slug":"geschichte","status":"publish","type":"page","link":"https:\/\/www.st-anna.eu\/de\/st-anna-colleg-schule-einfach-anders\/geschichte\/","title":{"rendered":"Geschichte"},"content":{"rendered":"<p><div class=\"fusion-fullwidth fullwidth-box fusion-builder-row-1 fusion-flex-container hundred-percent-fullwidth non-hundred-percent-height-scrolling fusion-no-small-visibility sub-site-container gradient-container-1\" style=\"--awb-background-position:center top;--awb-border-radius-top-left:0px;--awb-border-radius-top-right:0px;--awb-border-radius-bottom-right:0px;--awb-border-radius-bottom-left:0px;--awb-padding-top:0px;--awb-padding-right:0px;--awb-padding-bottom:0px;--awb-padding-left:0px;--awb-flex-wrap:wrap;\" ><div class=\"fusion-builder-row fusion-row fusion-flex-align-items-flex-start fusion-flex-content-wrap\" style=\"width:calc( 100% + 0px ) !important;max-width:calc( 100% + 0px ) !important;margin-left: calc(-0px \/ 2 );margin-right: calc(-0px \/ 2 );\"><div class=\"fusion-layout-column fusion_builder_column fusion-builder-column-0 fusion_builder_column_1_1 1_1 fusion-flex-column sub-sites-content-column\" style=\"--awb-padding-top:90px;--awb-padding-bottom:40px;--awb-padding-left:80px;--awb-bg-color:rgba(255,255,255,0.9);--awb-bg-color-hover:rgba(255,255,255,0.9);--awb-bg-size:cover;--awb-width-large:100%;--awb-margin-top-large:0px;--awb-spacing-right-large:0px;--awb-margin-bottom-large:0px;--awb-spacing-left-large:0px;--awb-width-medium:100%;--awb-order-medium:0;--awb-spacing-right-medium:0px;--awb-spacing-left-medium:0px;--awb-width-small:100%;--awb-order-small:0;--awb-spacing-right-small:0px;--awb-spacing-left-small:0px;\"><div class=\"fusion-column-wrapper fusion-column-has-shadow fusion-flex-justify-content-center fusion-content-layout-column\"><div class=\"fusion-builder-row fusion-builder-row-inner fusion-row fusion-flex-align-items-flex-start fusion-flex-content-wrap\" style=\"--awb-flex-grow:0;--awb-flex-grow-medium:0;--awb-flex-grow-small:0;--awb-flex-shrink:0;--awb-flex-shrink-medium:0;--awb-flex-shrink-small:0;width:calc( 100% + 0px ) !important;max-width:calc( 100% + 0px ) !important;margin-left: calc(-0px \/ 2 );margin-right: calc(-0px \/ 2 );\"><div class=\"fusion-layout-column fusion_builder_column_inner fusion-builder-nested-column-0 fusion_builder_column_inner_1_1 1_1 fusion-flex-column seiten-menu\" style=\"--awb-bg-size:cover;--awb-width-large:100%;--awb-margin-top-large:0px;--awb-spacing-right-large:0px;--awb-margin-bottom-large:50px;--awb-spacing-left-large:0px;--awb-width-medium:100%;--awb-spacing-right-medium:0px;--awb-spacing-left-medium:0px;--awb-width-small:100%;--awb-spacing-right-small:0px;--awb-spacing-left-small:0px;\"><div class=\"fusion-column-wrapper fusion-column-has-shadow fusion-flex-justify-content-flex-start fusion-content-layout-column\"><div class=\"fusion-widget fusion-widget-element fusion-widget-area fusion-content-widget-area wpWidget-1 seitenmenu-colleg fusion_widget_menu\" style=\"--awb-fusion-padding-color:5px 15px;--awb-fusion-border-size:0px;--awb-fusion-border-style:solid;\"><div class=\"widget menu\"><style type=\"text\/css\">#menu-widget-1{text-align:left;}#fusion-menu-widget-1 li{display:inline-block;}#fusion-menu-widget-1 ul li a{display:inline-block;padding:0;border:0;color:#000000;font-size:14px;}#fusion-menu-widget-1 ul li a:after{content:\"|\";color:#000000;padding-right:5px;padding-left:5px;font-size:14px;}#fusion-menu-widget-1 ul li a:hover,#fusion-menu-widget-1 ul .menu-item.current-menu-item a{color:#ffffff;}#fusion-menu-widget-1 ul li:last-child a:after{display:none;}#fusion-menu-widget-1 ul li .fusion-widget-cart-number{margin:0 7px;background-color:#ffffff;color:#000000;}#fusion-menu-widget-1 ul li.fusion-active-cart-icon .fusion-widget-cart-icon:after{color:#ffffff;}<\/style><nav id=\"fusion-menu-widget-1\" class=\"fusion-widget-menu\" aria-label=\"Secondary Navigation: \"><ul id=\"menu-sidebar-menue-ueber-das-colleg\" class=\"menu\"><li id=\"menu-item-4028\" class=\"menu-item menu-item-type-post_type menu-item-object-page menu-item-4028\"><a href=\"https:\/\/www.st-anna.eu\/de\/st-anna-colleg-schule-einfach-anders\/aktuelles\/\">Aktuelles<\/a><\/li><li id=\"menu-item-1305\" class=\"menu-item menu-item-type-post_type menu-item-object-page menu-item-1305\"><a href=\"https:\/\/www.st-anna.eu\/de\/st-anna-colleg-schule-einfach-anders\/geschichte\/\">Geschichte<\/a><\/li><li id=\"menu-item-1308\" class=\"menu-item menu-item-type-post_type menu-item-object-page menu-item-1308\"><a href=\"https:\/\/www.st-anna.eu\/de\/st-anna-colleg-schule-einfach-anders\/werte\/\">Werte<\/a><\/li><li id=\"menu-item-7883\" class=\"menu-item menu-item-type-post_type menu-item-object-page menu-item-7883\"><a href=\"https:\/\/www.st-anna.eu\/de\/st-anna-colleg-schule-einfach-anders\/traeger\/\">Tr\u00e4ger<\/a><\/li><li id=\"menu-item-1307\" class=\"menu-item menu-item-type-post_type menu-item-object-page menu-item-1307\"><a href=\"https:\/\/www.st-anna.eu\/de\/st-anna-colleg-schule-einfach-anders\/stellenangebote\/\">Stellenangebote<\/a><\/li><\/ul><\/nav><\/div><\/div><\/div><\/div><div class=\"fusion-layout-column fusion_builder_column_inner fusion-builder-nested-column-1 fusion_builder_column_inner_1_1 1_1 fusion-flex-column\" style=\"--awb-bg-size:cover;--awb-width-large:100%;--awb-margin-top-large:0px;--awb-spacing-right-large:0px;--awb-margin-bottom-large:20px;--awb-spacing-left-large:0px;--awb-width-medium:100%;--awb-spacing-right-medium:0px;--awb-spacing-left-medium:0px;--awb-width-small:100%;--awb-spacing-right-small:0px;--awb-spacing-left-small:0px;\"><div class=\"fusion-column-wrapper fusion-column-has-shadow fusion-flex-justify-content-flex-start fusion-content-layout-column\"><div class=\"fusion-title title fusion-title-1 fusion-sep-none fusion-title-text fusion-title-size-one\" style=\"--awb-margin-top-small:10px;--awb-margin-bottom-small:10px;\"><h1 class=\"fusion-title-heading title-heading-left\" style=\"margin:0;\"><h1>Meilensteine<\/h1><\/h1><\/div><\/div><\/div><div class=\"fusion-layout-column fusion_builder_column_inner fusion-builder-nested-column-2 fusion_builder_column_inner_1_1 1_1 fusion-flex-column\" style=\"--awb-padding-right:30px;--awb-padding-left:20px;--awb-bg-size:cover;--awb-width-large:100%;--awb-margin-top-large:0px;--awb-spacing-right-large:0px;--awb-margin-bottom-large:20px;--awb-spacing-left-large:0px;--awb-width-medium:100%;--awb-spacing-right-medium:0px;--awb-spacing-left-medium:0px;--awb-width-small:100%;--awb-spacing-right-small:0px;--awb-spacing-left-small:0px;\"><div class=\"fusion-column-wrapper fusion-column-has-shadow fusion-flex-justify-content-flex-start fusion-content-layout-column\"><div class=\"fusion-text fusion-text-1\"><p>1977 Er\u00f6ffnung des Gymnasiums in einer alten Villa in M\u00fcnchen-Solln. Tagesheimschule mit ca. 100 Sch\u00fclern in den Klassen 5 bis 8. Zur damaligen Zeit innovativ: Nachmittagsbetreuung als wesentliches Element des Schulkonzepts sowie Stipendienwesen<\/p>\n<p>1978 \u00dcbernahme einer staatlich anerkannten Grundschule in Krailling bei M\u00fcnchen, ebenfalls als Tagesheimschule<\/p>\n<p>1985 Staatliche Anerkennung des Gymnasiums und gro\u00dfer Zuspruch mit wachsendem Platzbedarf<\/p>\n<p>2003 Umzug des Gymnasiums nach Icking (Irschenhausen) in die Villa Eggenberg, eine 1912 erbaute Gr\u00fcnderzeitvilla mit weitl\u00e4ufigem Park; Umzug der Grundschule nach Solln<\/p>\n<p>2006 Neubau der Doppelturnhalle in Icking<\/p>\n<p>2021 Zusammenf\u00fchrung von Grundschule und Gymnasium auf dem gemeinsamen Schulcampus der Villa Eggenberg in Icking<\/p>\n<\/div><\/div><\/div><\/div><\/div><\/div><\/div><\/div><div class=\"fusion-fullwidth fullwidth-box fusion-builder-row-2 fusion-flex-container hundred-percent-fullwidth hundred-percent-height non-hundred-percent-height-scrolling fusion-no-medium-visibility fusion-no-large-visibility gradient-container-2\" style=\"--awb-border-radius-top-left:0px;--awb-border-radius-top-right:0px;--awb-border-radius-bottom-right:0px;--awb-border-radius-bottom-left:0px;--awb-padding-top:0px;--awb-padding-right:0px;--awb-padding-left:0px;--awb-margin-top:0px;--awb-margin-bottom:0px;--awb-background-color:#ffffff;--awb-flex-wrap:wrap;\" ><div class=\"fusion-builder-row fusion-row fusion-flex-align-items-flex-start fusion-flex-content-wrap\" style=\"width:104% !important;max-width:104% !important;margin-left: calc(-4% \/ 2 );margin-right: calc(-4% \/ 2 );\"><div class=\"fusion-layout-column fusion_builder_column fusion-builder-column-1 fusion_builder_column_1_1 1_1 fusion-flex-column fusion-no-medium-visibility fusion-no-large-visibility mobile-fixed-top-image-column\" style=\"--awb-bg-color:rgba(255,255,255,0.84);--awb-bg-color-hover:rgba(255,255,255,0.84);--awb-bg-size:cover;--awb-width-large:100%;--awb-margin-top-large:0px;--awb-spacing-right-large:1.92%;--awb-margin-bottom-large:0px;--awb-spacing-left-large:1.92%;--awb-width-medium:100%;--awb-spacing-right-medium:1.92%;--awb-spacing-left-medium:1.92%;--awb-width-small:100%;--awb-spacing-right-small:1.92%;--awb-spacing-left-small:1.92%;\"><div class=\"fusion-column-wrapper fusion-column-has-shadow fusion-flex-justify-content-center fusion-content-layout-column\"><div class=\"fusion-image-element \" style=\"text-align:center;--awb-caption-title-font-family:var(--h2_typography-font-family);--awb-caption-title-font-weight:var(--h2_typography-font-weight);--awb-caption-title-font-style:var(--h2_typography-font-style);--awb-caption-title-size:var(--h2_typography-font-size);--awb-caption-title-transform:var(--h2_typography-text-transform);--awb-caption-title-line-height:var(--h2_typography-line-height);--awb-caption-title-letter-spacing:var(--h2_typography-letter-spacing);\"><span class=\" fusion-imageframe imageframe-none imageframe-1 hover-type-none\"><img decoding=\"async\" width=\"1980\" height=\"1249\" alt=\"st-anna-colleg\" title=\"st-anna-colleg\" src=\"https:\/\/www.st-anna.eu\/wp-content\/uploads\/2021\/08\/st-anna-colleg-2.jpg\" data-orig-src=\"https:\/\/www.st-anna.eu\/wp-content\/uploads\/2021\/08\/st-anna-colleg-2.jpg\" class=\"lazyload img-responsive wp-image-4313\" srcset=\"data:image\/svg+xml,%3Csvg%20xmlns%3D%27http%3A%2F%2Fwww.w3.org%2F2000%2Fsvg%27%20width%3D%271980%27%20height%3D%271249%27%20viewBox%3D%270%200%201980%201249%27%3E%3Crect%20width%3D%271980%27%20height%3D%271249%27%20fill-opacity%3D%220%22%2F%3E%3C%2Fsvg%3E\" data-srcset=\"https:\/\/www.st-anna.eu\/wp-content\/uploads\/2021\/08\/st-anna-colleg-2-200x126.jpg 200w, https:\/\/www.st-anna.eu\/wp-content\/uploads\/2021\/08\/st-anna-colleg-2-400x252.jpg 400w, https:\/\/www.st-anna.eu\/wp-content\/uploads\/2021\/08\/st-anna-colleg-2-600x378.jpg 600w, https:\/\/www.st-anna.eu\/wp-content\/uploads\/2021\/08\/st-anna-colleg-2-800x505.jpg 800w, https:\/\/www.st-anna.eu\/wp-content\/uploads\/2021\/08\/st-anna-colleg-2-1200x757.jpg 1200w, https:\/\/www.st-anna.eu\/wp-content\/uploads\/2021\/08\/st-anna-colleg-2.jpg 1980w\" data-sizes=\"auto\" data-orig-sizes=\"(max-width: 1200px) 100vw, (max-width: 835px) 100vw, 1980px\" \/><\/span><\/div><\/div><\/div><div class=\"fusion-layout-column fusion_builder_column fusion-builder-column-2 fusion_builder_column_1_1 1_1 fusion-flex-column mobile-text-under-top-image\" style=\"--awb-padding-right:15px;--awb-padding-bottom:60px;--awb-padding-left:15px;--awb-bg-size:cover;--awb-width-large:100%;--awb-margin-top-large:0px;--awb-spacing-right-large:1.92%;--awb-margin-bottom-large:0px;--awb-spacing-left-large:1.92%;--awb-width-medium:100%;--awb-spacing-right-medium:1.92%;--awb-spacing-left-medium:1.92%;--awb-width-small:100%;--awb-spacing-right-small:1.92%;--awb-spacing-left-small:1.92%;\"><div class=\"fusion-column-wrapper fusion-column-has-shadow fusion-flex-justify-content-flex-start fusion-content-layout-column\"><div class=\"fusion-widget fusion-widget-element fusion-widget-area fusion-content-widget-area wpWidget-2 seitenmenu-colleg fusion_widget_menu\" style=\"--awb-fusion-padding-color:5px 15px;--awb-fusion-border-size:0px;--awb-fusion-border-style:solid;\"><div class=\"widget menu\"><style type=\"text\/css\">#menu-widget-2{text-align:left;}#fusion-menu-widget-2 li{display:inline-block;}#fusion-menu-widget-2 ul li a{display:inline-block;padding:0;border:0;color:#000000;font-size:14px;}#fusion-menu-widget-2 ul li a:after{content:\"|\";color:#000000;padding-right:5px;padding-left:5px;font-size:14px;}#fusion-menu-widget-2 ul li a:hover,#fusion-menu-widget-2 ul .menu-item.current-menu-item a{color:#ffffff;}#fusion-menu-widget-2 ul li:last-child a:after{display:none;}#fusion-menu-widget-2 ul li .fusion-widget-cart-number{margin:0 7px;background-color:#ffffff;color:#000000;}#fusion-menu-widget-2 ul li.fusion-active-cart-icon .fusion-widget-cart-icon:after{color:#ffffff;}<\/style><nav id=\"fusion-menu-widget-2\" class=\"fusion-widget-menu\" aria-label=\"Secondary Navigation: \"><ul id=\"menu-sidebar-menue-ueber-das-colleg-1\" class=\"menu\"><li class=\"menu-item menu-item-type-post_type menu-item-object-page menu-item-4028\"><a href=\"https:\/\/www.st-anna.eu\/de\/st-anna-colleg-schule-einfach-anders\/aktuelles\/\">Aktuelles<\/a><\/li><li class=\"menu-item menu-item-type-post_type menu-item-object-page menu-item-1305\"><a href=\"https:\/\/www.st-anna.eu\/de\/st-anna-colleg-schule-einfach-anders\/geschichte\/\">Geschichte<\/a><\/li><li class=\"menu-item menu-item-type-post_type menu-item-object-page menu-item-1308\"><a href=\"https:\/\/www.st-anna.eu\/de\/st-anna-colleg-schule-einfach-anders\/werte\/\">Werte<\/a><\/li><li class=\"menu-item menu-item-type-post_type menu-item-object-page menu-item-7883\"><a href=\"https:\/\/www.st-anna.eu\/de\/st-anna-colleg-schule-einfach-anders\/traeger\/\">Tr\u00e4ger<\/a><\/li><li class=\"menu-item menu-item-type-post_type menu-item-object-page menu-item-1307\"><a href=\"https:\/\/www.st-anna.eu\/de\/st-anna-colleg-schule-einfach-anders\/stellenangebote\/\">Stellenangebote<\/a><\/li><\/ul><\/nav><\/div><\/div><div class=\"fusion-text fusion-text-2\"><h1 style=\"text-align: left; font-size: 18px;\">Meilensteine<\/h1>\n<\/div><div class=\"fusion-text fusion-text-3\"><p><span style=\"font-size: 11pt;\">1977 Er\u00f6ffnung des Gymnasiums in einer alten Villa in M\u00fcnchen-Solln. Tagesheimschule mit ca. 100 Sch\u00fclern in den Klassen 5 bis 8. Zur damaligen Zeit innovativ: Nachmittagsbetreuung als wesentliches Element des Schulkonzepts sowie Stipendienwesen<\/span><\/p>\n<p><span style=\"font-size: 11pt;\">1978 \u00dcbernahme einer staatlich anerkannten Grundschule in Krailling bei M\u00fcnchen, ebenfalls als Tagesheimschule<\/span><\/p>\n<p><span style=\"font-size: 11pt;\">1985 Staatliche Anerkennung des Gymnasiums und gro\u00dfer Zuspruch mit wachsendem Platzbedarf<\/span><\/p>\n<p><span style=\"font-size: 11pt;\">2003 Umzug des Gymnasiums nach Icking (Irschenhausen) in die Villa Eggenberg, eine 1912 erbaute Gr\u00fcnderzeitvilla mit weitl\u00e4ufigem Park; Umzug der Grundschule nach Solln<\/span><\/p>\n<p><span style=\"font-size: 11pt;\">2006 Neubau der Doppelturnhalle in Icking<\/span><\/p>\n<p><span style=\"font-size: 11pt;\">2021 Zusammenf\u00fchrung von Grundschule und Gymnasium auf dem gemeinsamen Schulcampus der Villa Eggenberg in Icking<\/span><\/p>\n<\/div><\/div><\/div><\/div><\/div><\/p>\n","protected":false},"excerpt":{"rendered":"","protected":false},"author":1,"featured_media":4313,"parent":229,"menu_order":1,"comment_status":"closed","ping_status":"closed","template":"100-width.php","meta":{"_acf_changed":false,"inline_featured_image":false,"footnotes":""},"class_list":["post-347","page","type-page","status-publish","has-post-thumbnail","hentry"],"acf":[],"yoast_head":"<!-- This site is optimized with the Yoast SEO plugin v27.5 - https:\/\/yoast.com\/product\/yoast-seo-wordpress\/ -->\n<title>St. Anna Colleg \u2013 Privatschulen im M\u00fcnchner S\u00fcden seit 1977<\/title>\n<meta name=\"description\" content=\"Seit 1977 betreibt das St. Anna Colleg erfolgreich Privatschulen \u2013 Grundschule &amp; Gymnasium mit einem flexiblen Ganztagskonzept.\" \/>\n<meta name=\"robots\" content=\"index, follow, max-snippet:-1, max-image-preview:large, max-video-preview:-1\" \/>\n<link rel=\"canonical\" href=\"https:\/\/www.st-anna.eu\/de\/st-anna-colleg-schule-einfach-anders\/geschichte\/\" \/>\n<meta property=\"og:locale\" content=\"de_DE\" \/>\n<meta property=\"og:type\" content=\"article\" \/>\n<meta property=\"og:title\" content=\"St. Anna Colleg \u2013 Privatschulen im M\u00fcnchner S\u00fcden seit 1977\" \/>\n<meta property=\"og:description\" content=\"Seit 1977 betreibt das St. Anna Colleg erfolgreich Privatschulen \u2013 Grundschule &amp; Gymnasium mit einem flexiblen Ganztagskonzept.\" \/>\n<meta property=\"og:url\" content=\"https:\/\/www.st-anna.eu\/de\/st-anna-colleg-schule-einfach-anders\/geschichte\/\" \/>\n<meta property=\"og:site_name\" content=\"St. Anna Colleg\" \/>\n<meta property=\"article:modified_time\" content=\"2024-12-03T16:21:07+00:00\" \/>\n<meta property=\"og:image\" content=\"https:\/\/www.st-anna.eu\/wp-content\/uploads\/2021\/08\/st-anna-colleg-2.jpg\" \/>\n\t<meta property=\"og:image:width\" content=\"1980\" \/>\n\t<meta property=\"og:image:height\" content=\"1249\" \/>\n\t<meta property=\"og:image:type\" content=\"image\/jpeg\" \/>\n<meta name=\"twitter:card\" content=\"summary_large_image\" \/>\n<meta name=\"twitter:label1\" content=\"Gesch\u00e4tzte Lesezeit\" \/>\n\t<meta name=\"twitter:data1\" content=\"5\u00a0Minuten\" \/>\n<script type=\"application\/ld+json\" class=\"yoast-schema-graph\">{\"@context\":\"https:\\\/\\\/schema.org\",\"@graph\":[{\"@type\":\"WebPage\",\"@id\":\"https:\\\/\\\/www.st-anna.eu\\\/de\\\/st-anna-colleg-schule-einfach-anders\\\/geschichte\\\/\",\"url\":\"https:\\\/\\\/www.st-anna.eu\\\/de\\\/st-anna-colleg-schule-einfach-anders\\\/geschichte\\\/\",\"name\":\"St. Anna Colleg \u2013 Privatschulen im M\u00fcnchner S\u00fcden seit 1977\",\"isPartOf\":{\"@id\":\"https:\\\/\\\/www.st-anna.eu\\\/de\\\/#website\"},\"primaryImageOfPage\":{\"@id\":\"https:\\\/\\\/www.st-anna.eu\\\/de\\\/st-anna-colleg-schule-einfach-anders\\\/geschichte\\\/#primaryimage\"},\"image\":{\"@id\":\"https:\\\/\\\/www.st-anna.eu\\\/de\\\/st-anna-colleg-schule-einfach-anders\\\/geschichte\\\/#primaryimage\"},\"thumbnailUrl\":\"https:\\\/\\\/www.st-anna.eu\\\/wp-content\\\/uploads\\\/2021\\\/08\\\/st-anna-colleg-2.jpg\",\"datePublished\":\"2020-06-27T20:52:42+00:00\",\"dateModified\":\"2024-12-03T16:21:07+00:00\",\"description\":\"Seit 1977 betreibt das St. Anna Colleg erfolgreich Privatschulen \u2013 Grundschule & Gymnasium mit einem flexiblen Ganztagskonzept.\",\"breadcrumb\":{\"@id\":\"https:\\\/\\\/www.st-anna.eu\\\/de\\\/st-anna-colleg-schule-einfach-anders\\\/geschichte\\\/#breadcrumb\"},\"inLanguage\":\"de\",\"potentialAction\":[{\"@type\":\"ReadAction\",\"target\":[\"https:\\\/\\\/www.st-anna.eu\\\/de\\\/st-anna-colleg-schule-einfach-anders\\\/geschichte\\\/\"]}]},{\"@type\":\"ImageObject\",\"inLanguage\":\"de\",\"@id\":\"https:\\\/\\\/www.st-anna.eu\\\/de\\\/st-anna-colleg-schule-einfach-anders\\\/geschichte\\\/#primaryimage\",\"url\":\"https:\\\/\\\/www.st-anna.eu\\\/wp-content\\\/uploads\\\/2021\\\/08\\\/st-anna-colleg-2.jpg\",\"contentUrl\":\"https:\\\/\\\/www.st-anna.eu\\\/wp-content\\\/uploads\\\/2021\\\/08\\\/st-anna-colleg-2.jpg\",\"width\":1980,\"height\":1249,\"caption\":\"st-anna-colleg\"},{\"@type\":\"BreadcrumbList\",\"@id\":\"https:\\\/\\\/www.st-anna.eu\\\/de\\\/st-anna-colleg-schule-einfach-anders\\\/geschichte\\\/#breadcrumb\",\"itemListElement\":[{\"@type\":\"ListItem\",\"position\":1,\"name\":\"Startseite\",\"item\":\"https:\\\/\\\/www.st-anna.eu\\\/de\\\/\"},{\"@type\":\"ListItem\",\"position\":2,\"name\":\"St. Anna Colleg \u2013 Privatschule im S\u00fcden von M\u00fcnchen\",\"item\":\"https:\\\/\\\/www.st-anna.eu\\\/de\\\/\"},{\"@type\":\"ListItem\",\"position\":3,\"name\":\"Geschichte\"}]},{\"@type\":\"WebSite\",\"@id\":\"https:\\\/\\\/www.st-anna.eu\\\/de\\\/#website\",\"url\":\"https:\\\/\\\/www.st-anna.eu\\\/de\\\/\",\"name\":\"St. Anna Colleg\",\"description\":\"Privatschulen im S\u00fcden von M\u00fcnchen \u2013 Grundschule und Gymnasium Eggenberg\",\"publisher\":{\"@id\":\"https:\\\/\\\/www.st-anna.eu\\\/de\\\/#organization\"},\"potentialAction\":[{\"@type\":\"SearchAction\",\"target\":{\"@type\":\"EntryPoint\",\"urlTemplate\":\"https:\\\/\\\/www.st-anna.eu\\\/de\\\/?s={search_term_string}\"},\"query-input\":{\"@type\":\"PropertyValueSpecification\",\"valueRequired\":true,\"valueName\":\"search_term_string\"}}],\"inLanguage\":\"de\"},{\"@type\":\"Organization\",\"@id\":\"https:\\\/\\\/www.st-anna.eu\\\/de\\\/#organization\",\"name\":\"St. Anna Colleg gemeinn\u00fctzige GmbH\",\"alternateName\":\"St. Anna Colleg\",\"url\":\"https:\\\/\\\/www.st-anna.eu\\\/de\\\/\",\"logo\":{\"@type\":\"ImageObject\",\"inLanguage\":\"de\",\"@id\":\"https:\\\/\\\/www.st-anna.eu\\\/de\\\/#\\\/schema\\\/logo\\\/image\\\/\",\"url\":\"https:\\\/\\\/www.st-anna.eu\\\/wp-content\\\/uploads\\\/2021\\\/09\\\/cropped-Logo.png\",\"contentUrl\":\"https:\\\/\\\/www.st-anna.eu\\\/wp-content\\\/uploads\\\/2021\\\/09\\\/cropped-Logo.png\",\"width\":512,\"height\":512,\"caption\":\"St. Anna Colleg gemeinn\u00fctzige GmbH\"},\"image\":{\"@id\":\"https:\\\/\\\/www.st-anna.eu\\\/de\\\/#\\\/schema\\\/logo\\\/image\\\/\"}}]}<\/script>\n<!-- \/ Yoast SEO plugin. -->","yoast_head_json":{"title":"St. Anna Colleg \u2013 Privatschulen im M\u00fcnchner S\u00fcden seit 1977","description":"Seit 1977 betreibt das St. Anna Colleg erfolgreich Privatschulen \u2013 Grundschule & Gymnasium mit einem flexiblen Ganztagskonzept.","robots":{"index":"index","follow":"follow","max-snippet":"max-snippet:-1","max-image-preview":"max-image-preview:large","max-video-preview":"max-video-preview:-1"},"canonical":"https:\/\/www.st-anna.eu\/de\/st-anna-colleg-schule-einfach-anders\/geschichte\/","og_locale":"de_DE","og_type":"article","og_title":"St. Anna Colleg \u2013 Privatschulen im M\u00fcnchner S\u00fcden seit 1977","og_description":"Seit 1977 betreibt das St. Anna Colleg erfolgreich Privatschulen \u2013 Grundschule & Gymnasium mit einem flexiblen Ganztagskonzept.","og_url":"https:\/\/www.st-anna.eu\/de\/st-anna-colleg-schule-einfach-anders\/geschichte\/","og_site_name":"St. Anna Colleg","article_modified_time":"2024-12-03T16:21:07+00:00","og_image":[{"width":1980,"height":1249,"url":"https:\/\/www.st-anna.eu\/wp-content\/uploads\/2021\/08\/st-anna-colleg-2.jpg","type":"image\/jpeg"}],"twitter_card":"summary_large_image","twitter_misc":{"Gesch\u00e4tzte Lesezeit":"5\u00a0Minuten"},"schema":{"@context":"https:\/\/schema.org","@graph":[{"@type":"WebPage","@id":"https:\/\/www.st-anna.eu\/de\/st-anna-colleg-schule-einfach-anders\/geschichte\/","url":"https:\/\/www.st-anna.eu\/de\/st-anna-colleg-schule-einfach-anders\/geschichte\/","name":"St. Anna Colleg \u2013 Privatschulen im M\u00fcnchner S\u00fcden seit 1977","isPartOf":{"@id":"https:\/\/www.st-anna.eu\/de\/#website"},"primaryImageOfPage":{"@id":"https:\/\/www.st-anna.eu\/de\/st-anna-colleg-schule-einfach-anders\/geschichte\/#primaryimage"},"image":{"@id":"https:\/\/www.st-anna.eu\/de\/st-anna-colleg-schule-einfach-anders\/geschichte\/#primaryimage"},"thumbnailUrl":"https:\/\/www.st-anna.eu\/wp-content\/uploads\/2021\/08\/st-anna-colleg-2.jpg","datePublished":"2020-06-27T20:52:42+00:00","dateModified":"2024-12-03T16:21:07+00:00","description":"Seit 1977 betreibt das St. Anna Colleg erfolgreich Privatschulen \u2013 Grundschule & Gymnasium mit einem flexiblen Ganztagskonzept.","breadcrumb":{"@id":"https:\/\/www.st-anna.eu\/de\/st-anna-colleg-schule-einfach-anders\/geschichte\/#breadcrumb"},"inLanguage":"de","potentialAction":[{"@type":"ReadAction","target":["https:\/\/www.st-anna.eu\/de\/st-anna-colleg-schule-einfach-anders\/geschichte\/"]}]},{"@type":"ImageObject","inLanguage":"de","@id":"https:\/\/www.st-anna.eu\/de\/st-anna-colleg-schule-einfach-anders\/geschichte\/#primaryimage","url":"https:\/\/www.st-anna.eu\/wp-content\/uploads\/2021\/08\/st-anna-colleg-2.jpg","contentUrl":"https:\/\/www.st-anna.eu\/wp-content\/uploads\/2021\/08\/st-anna-colleg-2.jpg","width":1980,"height":1249,"caption":"st-anna-colleg"},{"@type":"BreadcrumbList","@id":"https:\/\/www.st-anna.eu\/de\/st-anna-colleg-schule-einfach-anders\/geschichte\/#breadcrumb","itemListElement":[{"@type":"ListItem","position":1,"name":"Startseite","item":"https:\/\/www.st-anna.eu\/de\/"},{"@type":"ListItem","position":2,"name":"St. Anna Colleg \u2013 Privatschule im S\u00fcden von M\u00fcnchen","item":"https:\/\/www.st-anna.eu\/de\/"},{"@type":"ListItem","position":3,"name":"Geschichte"}]},{"@type":"WebSite","@id":"https:\/\/www.st-anna.eu\/de\/#website","url":"https:\/\/www.st-anna.eu\/de\/","name":"St. Anna Colleg","description":"Privatschulen im S\u00fcden von M\u00fcnchen \u2013 Grundschule und Gymnasium Eggenberg","publisher":{"@id":"https:\/\/www.st-anna.eu\/de\/#organization"},"potentialAction":[{"@type":"SearchAction","target":{"@type":"EntryPoint","urlTemplate":"https:\/\/www.st-anna.eu\/de\/?s={search_term_string}"},"query-input":{"@type":"PropertyValueSpecification","valueRequired":true,"valueName":"search_term_string"}}],"inLanguage":"de"},{"@type":"Organization","@id":"https:\/\/www.st-anna.eu\/de\/#organization","name":"St. Anna Colleg gemeinn\u00fctzige GmbH","alternateName":"St. Anna Colleg","url":"https:\/\/www.st-anna.eu\/de\/","logo":{"@type":"ImageObject","inLanguage":"de","@id":"https:\/\/www.st-anna.eu\/de\/#\/schema\/logo\/image\/","url":"https:\/\/www.st-anna.eu\/wp-content\/uploads\/2021\/09\/cropped-Logo.png","contentUrl":"https:\/\/www.st-anna.eu\/wp-content\/uploads\/2021\/09\/cropped-Logo.png","width":512,"height":512,"caption":"St. Anna Colleg gemeinn\u00fctzige GmbH"},"image":{"@id":"https:\/\/www.st-anna.eu\/de\/#\/schema\/logo\/image\/"}}]}},"_links":{"self":[{"href":"https:\/\/www.st-anna.eu\/de\/wp-json\/wp\/v2\/pages\/347","targetHints":{"allow":["GET"]}}],"collection":[{"href":"https:\/\/www.st-anna.eu\/de\/wp-json\/wp\/v2\/pages"}],"about":[{"href":"https:\/\/www.st-anna.eu\/de\/wp-json\/wp\/v2\/types\/page"}],"author":[{"embeddable":true,"href":"https:\/\/www.st-anna.eu\/de\/wp-json\/wp\/v2\/users\/1"}],"replies":[{"embeddable":true,"href":"https:\/\/www.st-anna.eu\/de\/wp-json\/wp\/v2\/comments?post=347"}],"version-history":[{"count":8,"href":"https:\/\/www.st-anna.eu\/de\/wp-json\/wp\/v2\/pages\/347\/revisions"}],"predecessor-version":[{"id":7179,"href":"https:\/\/www.st-anna.eu\/de\/wp-json\/wp\/v2\/pages\/347\/revisions\/7179"}],"up":[{"embeddable":true,"href":"https:\/\/www.st-anna.eu\/de\/wp-json\/wp\/v2\/pages\/229"}],"wp:featuredmedia":[{"embeddable":true,"href":"https:\/\/www.st-anna.eu\/de\/wp-json\/wp\/v2\/media\/4313"}],"wp:attachment":[{"href":"https:\/\/www.st-anna.eu\/de\/wp-json\/wp\/v2\/media?parent=347"}],"curies":[{"name":"wp","href":"https:\/\/api.w.org\/{rel}","templated":true}]}}