{"id":511,"date":"2026-03-02T12:14:58","date_gmt":"2026-03-02T11:14:58","guid":{"rendered":"https:\/\/www.st-anna.eu\/?page_id=511"},"modified":"2026-04-17T09:59:55","modified_gmt":"2026-04-17T07:59:55","slug":"grundschule-eggenberg-in-icking","status":"publish","type":"page","link":"https:\/\/www.st-anna.eu\/de\/grundschule-eggenberg-in-icking\/","title":{"rendered":"Grundschule Eggenberg"},"content":{"rendered":"<p><div class=\"fusion-fullwidth fullwidth-box fusion-builder-row-1 fusion-flex-container has-pattern-background has-mask-background nonhundred-percent-fullwidth hundred-percent-height non-hundred-percent-height-scrolling fusion-no-small-visibility gradient-container-1\" style=\"--awb-border-radius-top-left:0px;--awb-border-radius-top-right:0px;--awb-border-radius-bottom-right:0px;--awb-border-radius-bottom-left:0px;--awb-flex-wrap:wrap;\" ><div class=\"fusion-builder-row fusion-row fusion-flex-align-items-flex-end fusion-flex-content-wrap\" style=\"max-width:1560px;margin-left: calc(-4% \/ 2 );margin-right: calc(-4% \/ 2 );\"><div class=\"fusion-layout-column fusion_builder_column fusion-builder-column-0 fusion_builder_column_3_5 3_5 fusion-flex-column parent-sites-content-column\" style=\"--awb-padding-top:20px;--awb-padding-right:25px;--awb-padding-bottom:30px;--awb-padding-left:25px;--awb-bg-color:rgba(255,255,255,0.84);--awb-bg-color-hover:rgba(255,255,255,0.84);--awb-bg-size:cover;--awb-width-large:60%;--awb-margin-top-large:0px;--awb-spacing-right-large:3.2%;--awb-margin-bottom-large:20px;--awb-spacing-left-large:3.2%;--awb-width-medium:100%;--awb-order-medium:0;--awb-spacing-right-medium:1.92%;--awb-spacing-left-medium:1.92%;--awb-width-small:100%;--awb-order-small:0;--awb-spacing-right-small:1.92%;--awb-spacing-left-small:1.92%;\"><div class=\"fusion-column-wrapper fusion-column-has-shadow fusion-flex-justify-content-center fusion-content-layout-column\"><div class=\"fusion-title title fusion-title-1 fusion-sep-none fusion-title-text fusion-title-size-one\" style=\"--awb-margin-top:0px;--awb-margin-top-small:10px;--awb-margin-bottom-small:10px;\"><h1 class=\"fusion-title-heading title-heading-left\" style=\"margin:0;\">Grundschule Eggenberg<\/h1><\/div><div class=\"fusion-text fusion-text-1\"><p><span style=\"font-size: 12pt;\">Kleine Klassen, gro\u00dfe Wirkung: In pers\u00f6nlicher Atmosph\u00e4re kann Lernen Freude machen. Die 60 Grundsch\u00fcler unserer Privatschule erleben das t\u00e4glich neu. Ein Lehrer und ein P\u00e4dagoge begleiten jede Klasse dabei. Sie sind ein festes Team f\u00fcr Vormittag und Nachmittag. Denn Schule ist mehr als Unterricht. Das gute Zusammenleben setzt auch Umgangsformen voraus, die f\u00fcr alle gelten. Die Grundlage daf\u00fcr bilden unsere <a href=\"https:\/\/www.st-anna.eu\/wp-content\/uploads\/2021\/08\/Hausordnung-fuer-die-Schulen-im-St.-Anna-Colleg-1.pdf\" target=\"_blank\" rel=\"noopener\">Hausordnung<\/a> und unsere eigens konzipierte <a href=\"https:\/\/www.st-anna.eu\/de\/grundschule-eggenberg\/schulkleidung\/\">Schulkleidung<\/a>. So k\u00f6nnen die Kinder ins Leben hinein- und \u00fcber sich hinauswachsen.<\/span><\/p>\n<p><span style=\"font-size: 12pt;\">Unsere staatlich anerkannte, private Grundschule in der N\u00e4he von M\u00fcnchen bietet Raum zum Lernen und Zeit f\u00fcr Anderes: F\u00fcnf Vormittage, Mittagessen und zwei verpflichtende Nachmittage umfasst unser Kernangebot. Im frei belegbaren Erg\u00e4nzungsangebot k\u00f6nnen bis zu zwei weitere Nachmittage gebucht werden. Alle Nachmittage bestehen aus Lernzeit und Wahlkursen und finden im Klassenverband statt. Sie sind von Montag bis Donnerstag frei w\u00e4hlbar und k\u00f6nnen jeweils f\u00fcr ein halbes Jahr gebucht werden.<\/span><\/p>\n<p><span style=\"font-size: 12pt;\"><strong>N\u00e4chste Schulf\u00fchrung:<\/strong><\/span><br \/>\n<span style=\"font-size: 12pt;\">9. Juli 2026 um 14:30 Uhr<\/span><br \/>\n<span style=\"font-size: 12pt;\"><a href=\"https:\/\/www.st-anna.eu\/de\/aufnahme\/schulfuehrungen\/\">Weitere Informationen &#8230;<\/a><\/span><\/p>\n<\/div><\/div><\/div><\/div><\/div><div class=\"fusion-fullwidth fullwidth-box fusion-builder-row-2 fusion-flex-container has-pattern-background has-mask-background hundred-percent-fullwidth hundred-percent-height non-hundred-percent-height-scrolling fusion-no-medium-visibility fusion-no-large-visibility gradient-container-2\" style=\"--awb-border-radius-top-left:0px;--awb-border-radius-top-right:0px;--awb-border-radius-bottom-right:0px;--awb-border-radius-bottom-left:0px;--awb-padding-top:0px;--awb-padding-right:0px;--awb-padding-left:0px;--awb-margin-top:90px;--awb-margin-bottom:0px;--awb-background-color:#ffffff;--awb-flex-wrap:wrap;\" ><div class=\"fusion-builder-row fusion-row fusion-flex-align-items-flex-start fusion-flex-content-wrap\" style=\"width:104% !important;max-width:104% !important;margin-left: calc(-4% \/ 2 );margin-right: calc(-4% \/ 2 );\"><div class=\"fusion-layout-column fusion_builder_column fusion-builder-column-1 fusion_builder_column_1_1 1_1 fusion-flex-column fusion-no-medium-visibility fusion-no-large-visibility mobile-fixed-top-image-column-2\" style=\"--awb-bg-color:rgba(255,255,255,0.84);--awb-bg-color-hover:rgba(255,255,255,0.84);--awb-bg-size:cover;--awb-width-large:100%;--awb-margin-top-large:10px;--awb-spacing-right-large:1.92%;--awb-margin-bottom-large:0px;--awb-spacing-left-large:1.92%;--awb-width-medium:100%;--awb-order-medium:0;--awb-spacing-right-medium:1.92%;--awb-spacing-left-medium:1.92%;--awb-width-small:100%;--awb-order-small:0;--awb-spacing-right-small:1.92%;--awb-spacing-left-small:1.92%;\"><div class=\"fusion-column-wrapper fusion-column-has-shadow fusion-flex-justify-content-center fusion-content-layout-column\"><div class=\"fusion-image-carousel fusion-image-carousel-auto fusion-image-carousel-1 image-carousel__all-features\"><div class=\"awb-carousel awb-swiper awb-swiper-carousel awb-carousel--carousel awb-swiper-dots-position-bottom\" data-layout=\"carousel\" data-autoplay=\"yes\" data-autoplayspeed=\"5500\" data-autoplaypause=\"no\" data-loop=\"yes\" data-columns=\"1\" data-columnsmedium=\"1\" data-columnssmall=\"1\" data-itemmargin=\"13\" data-itemwidth=\"180\" data-touchscroll=\"drag\" data-freemode=\"no\" data-imagesize=\"auto\" data-scrollitems=\"0\" data-centeredslides=\"no\" data-rotationangle=\"50\" data-depth=\"100\" data-speed=\"500\" data-shadow=\"no\" data-pagination=\"bullets\" style=\"--awb-columns:1;\"><div class=\"swiper-wrapper awb-image-carousel-wrapper fusion-flex-align-items-center\"><div class=\"swiper-slide\"><div class=\"fusion-carousel-item-wrapper\"><div class=\"fusion-image-wrapper hover-type-none\"><img decoding=\"async\" width=\"1980\" height=\"1320\" src=\"https:\/\/www.st-anna.eu\/wp-content\/uploads\/2022\/10\/0_Grundschule_Vorlesen.jpg\" class=\"attachment-full size-full lazyload\" alt=\"\" srcset=\"data:image\/svg+xml,%3Csvg%20xmlns%3D%27http%3A%2F%2Fwww.w3.org%2F2000%2Fsvg%27%20width%3D%271980%27%20height%3D%271320%27%20viewBox%3D%270%200%201980%201320%27%3E%3Crect%20width%3D%271980%27%20height%3D%271320%27%20fill-opacity%3D%220%22%2F%3E%3C%2Fsvg%3E\" data-orig-src=\"https:\/\/www.st-anna.eu\/wp-content\/uploads\/2022\/10\/0_Grundschule_Vorlesen.jpg\" data-srcset=\"https:\/\/www.st-anna.eu\/wp-content\/uploads\/2022\/10\/0_Grundschule_Vorlesen-200x133.jpg 200w, https:\/\/www.st-anna.eu\/wp-content\/uploads\/2022\/10\/0_Grundschule_Vorlesen-300x200.jpg 300w, https:\/\/www.st-anna.eu\/wp-content\/uploads\/2022\/10\/0_Grundschule_Vorlesen-400x267.jpg 400w, https:\/\/www.st-anna.eu\/wp-content\/uploads\/2022\/10\/0_Grundschule_Vorlesen-600x400.jpg 600w, https:\/\/www.st-anna.eu\/wp-content\/uploads\/2022\/10\/0_Grundschule_Vorlesen-768x512.jpg 768w, https:\/\/www.st-anna.eu\/wp-content\/uploads\/2022\/10\/0_Grundschule_Vorlesen-800x533.jpg 800w, https:\/\/www.st-anna.eu\/wp-content\/uploads\/2022\/10\/0_Grundschule_Vorlesen-1024x683.jpg 1024w, https:\/\/www.st-anna.eu\/wp-content\/uploads\/2022\/10\/0_Grundschule_Vorlesen-1200x800.jpg 1200w, https:\/\/www.st-anna.eu\/wp-content\/uploads\/2022\/10\/0_Grundschule_Vorlesen-1536x1024.jpg 1536w, https:\/\/www.st-anna.eu\/wp-content\/uploads\/2022\/10\/0_Grundschule_Vorlesen.jpg 1980w\" data-sizes=\"auto\" \/><\/div><\/div><\/div><div class=\"swiper-slide\"><div class=\"fusion-carousel-item-wrapper\"><div class=\"fusion-image-wrapper hover-type-none\"><img decoding=\"async\" width=\"1980\" height=\"1320\" src=\"https:\/\/www.st-anna.eu\/wp-content\/uploads\/2022\/10\/1a-SAC_GS_Tor_216689.jpg\" class=\"attachment-full size-full lazyload\" alt=\"\" srcset=\"data:image\/svg+xml,%3Csvg%20xmlns%3D%27http%3A%2F%2Fwww.w3.org%2F2000%2Fsvg%27%20width%3D%271980%27%20height%3D%271320%27%20viewBox%3D%270%200%201980%201320%27%3E%3Crect%20width%3D%271980%27%20height%3D%271320%27%20fill-opacity%3D%220%22%2F%3E%3C%2Fsvg%3E\" data-orig-src=\"https:\/\/www.st-anna.eu\/wp-content\/uploads\/2022\/10\/1a-SAC_GS_Tor_216689.jpg\" data-srcset=\"https:\/\/www.st-anna.eu\/wp-content\/uploads\/2022\/10\/1a-SAC_GS_Tor_216689-200x133.jpg 200w, https:\/\/www.st-anna.eu\/wp-content\/uploads\/2022\/10\/1a-SAC_GS_Tor_216689-300x200.jpg 300w, https:\/\/www.st-anna.eu\/wp-content\/uploads\/2022\/10\/1a-SAC_GS_Tor_216689-400x267.jpg 400w, https:\/\/www.st-anna.eu\/wp-content\/uploads\/2022\/10\/1a-SAC_GS_Tor_216689-600x400.jpg 600w, https:\/\/www.st-anna.eu\/wp-content\/uploads\/2022\/10\/1a-SAC_GS_Tor_216689-768x512.jpg 768w, https:\/\/www.st-anna.eu\/wp-content\/uploads\/2022\/10\/1a-SAC_GS_Tor_216689-800x533.jpg 800w, https:\/\/www.st-anna.eu\/wp-content\/uploads\/2022\/10\/1a-SAC_GS_Tor_216689-1024x683.jpg 1024w, https:\/\/www.st-anna.eu\/wp-content\/uploads\/2022\/10\/1a-SAC_GS_Tor_216689-1200x800.jpg 1200w, https:\/\/www.st-anna.eu\/wp-content\/uploads\/2022\/10\/1a-SAC_GS_Tor_216689-1536x1024.jpg 1536w, https:\/\/www.st-anna.eu\/wp-content\/uploads\/2022\/10\/1a-SAC_GS_Tor_216689.jpg 1980w\" data-sizes=\"auto\" \/><\/div><\/div><\/div><div class=\"swiper-slide\"><div class=\"fusion-carousel-item-wrapper\"><div class=\"fusion-image-wrapper hover-type-none\"><img decoding=\"async\" width=\"1980\" height=\"1320\" src=\"https:\/\/www.st-anna.eu\/wp-content\/uploads\/2022\/10\/2a_Unterricht_Terhorst_GS_JAN7099.jpg\" class=\"attachment-full size-full lazyload\" alt=\"\" srcset=\"data:image\/svg+xml,%3Csvg%20xmlns%3D%27http%3A%2F%2Fwww.w3.org%2F2000%2Fsvg%27%20width%3D%271980%27%20height%3D%271320%27%20viewBox%3D%270%200%201980%201320%27%3E%3Crect%20width%3D%271980%27%20height%3D%271320%27%20fill-opacity%3D%220%22%2F%3E%3C%2Fsvg%3E\" data-orig-src=\"https:\/\/www.st-anna.eu\/wp-content\/uploads\/2022\/10\/2a_Unterricht_Terhorst_GS_JAN7099.jpg\" data-srcset=\"https:\/\/www.st-anna.eu\/wp-content\/uploads\/2022\/10\/2a_Unterricht_Terhorst_GS_JAN7099-200x133.jpg 200w, https:\/\/www.st-anna.eu\/wp-content\/uploads\/2022\/10\/2a_Unterricht_Terhorst_GS_JAN7099-300x200.jpg 300w, https:\/\/www.st-anna.eu\/wp-content\/uploads\/2022\/10\/2a_Unterricht_Terhorst_GS_JAN7099-400x267.jpg 400w, https:\/\/www.st-anna.eu\/wp-content\/uploads\/2022\/10\/2a_Unterricht_Terhorst_GS_JAN7099-600x400.jpg 600w, https:\/\/www.st-anna.eu\/wp-content\/uploads\/2022\/10\/2a_Unterricht_Terhorst_GS_JAN7099-768x512.jpg 768w, https:\/\/www.st-anna.eu\/wp-content\/uploads\/2022\/10\/2a_Unterricht_Terhorst_GS_JAN7099-800x533.jpg 800w, https:\/\/www.st-anna.eu\/wp-content\/uploads\/2022\/10\/2a_Unterricht_Terhorst_GS_JAN7099-1024x683.jpg 1024w, https:\/\/www.st-anna.eu\/wp-content\/uploads\/2022\/10\/2a_Unterricht_Terhorst_GS_JAN7099-1200x800.jpg 1200w, https:\/\/www.st-anna.eu\/wp-content\/uploads\/2022\/10\/2a_Unterricht_Terhorst_GS_JAN7099-1536x1024.jpg 1536w, https:\/\/www.st-anna.eu\/wp-content\/uploads\/2022\/10\/2a_Unterricht_Terhorst_GS_JAN7099.jpg 1980w\" data-sizes=\"auto\" \/><\/div><\/div><\/div><div class=\"swiper-slide\"><div class=\"fusion-carousel-item-wrapper\"><div class=\"fusion-image-wrapper hover-type-none\"><img decoding=\"async\" width=\"1980\" height=\"1320\" src=\"https:\/\/www.st-anna.eu\/wp-content\/uploads\/2022\/10\/2b_GS_2014_Kym_JAN6619-1.jpg\" class=\"attachment-full size-full lazyload\" alt=\"\" srcset=\"data:image\/svg+xml,%3Csvg%20xmlns%3D%27http%3A%2F%2Fwww.w3.org%2F2000%2Fsvg%27%20width%3D%271980%27%20height%3D%271320%27%20viewBox%3D%270%200%201980%201320%27%3E%3Crect%20width%3D%271980%27%20height%3D%271320%27%20fill-opacity%3D%220%22%2F%3E%3C%2Fsvg%3E\" data-orig-src=\"https:\/\/www.st-anna.eu\/wp-content\/uploads\/2022\/10\/2b_GS_2014_Kym_JAN6619-1.jpg\" data-srcset=\"https:\/\/www.st-anna.eu\/wp-content\/uploads\/2022\/10\/2b_GS_2014_Kym_JAN6619-1-200x133.jpg 200w, https:\/\/www.st-anna.eu\/wp-content\/uploads\/2022\/10\/2b_GS_2014_Kym_JAN6619-1-300x200.jpg 300w, https:\/\/www.st-anna.eu\/wp-content\/uploads\/2022\/10\/2b_GS_2014_Kym_JAN6619-1-400x267.jpg 400w, https:\/\/www.st-anna.eu\/wp-content\/uploads\/2022\/10\/2b_GS_2014_Kym_JAN6619-1-600x400.jpg 600w, https:\/\/www.st-anna.eu\/wp-content\/uploads\/2022\/10\/2b_GS_2014_Kym_JAN6619-1-768x512.jpg 768w, https:\/\/www.st-anna.eu\/wp-content\/uploads\/2022\/10\/2b_GS_2014_Kym_JAN6619-1-800x533.jpg 800w, https:\/\/www.st-anna.eu\/wp-content\/uploads\/2022\/10\/2b_GS_2014_Kym_JAN6619-1-1024x683.jpg 1024w, https:\/\/www.st-anna.eu\/wp-content\/uploads\/2022\/10\/2b_GS_2014_Kym_JAN6619-1-1200x800.jpg 1200w, https:\/\/www.st-anna.eu\/wp-content\/uploads\/2022\/10\/2b_GS_2014_Kym_JAN6619-1-1536x1024.jpg 1536w, https:\/\/www.st-anna.eu\/wp-content\/uploads\/2022\/10\/2b_GS_2014_Kym_JAN6619-1.jpg 1980w\" data-sizes=\"auto\" \/><\/div><\/div><\/div><div class=\"swiper-slide\"><div class=\"fusion-carousel-item-wrapper\"><div class=\"fusion-image-wrapper hover-type-none\"><img decoding=\"async\" width=\"1980\" height=\"1320\" src=\"https:\/\/www.st-anna.eu\/wp-content\/uploads\/2022\/10\/3b_GS_2015_Seilziehen_AT-Anna-RWS6275.jpg\" class=\"attachment-full size-full lazyload\" alt=\"\" srcset=\"data:image\/svg+xml,%3Csvg%20xmlns%3D%27http%3A%2F%2Fwww.w3.org%2F2000%2Fsvg%27%20width%3D%271980%27%20height%3D%271320%27%20viewBox%3D%270%200%201980%201320%27%3E%3Crect%20width%3D%271980%27%20height%3D%271320%27%20fill-opacity%3D%220%22%2F%3E%3C%2Fsvg%3E\" data-orig-src=\"https:\/\/www.st-anna.eu\/wp-content\/uploads\/2022\/10\/3b_GS_2015_Seilziehen_AT-Anna-RWS6275.jpg\" data-srcset=\"https:\/\/www.st-anna.eu\/wp-content\/uploads\/2022\/10\/3b_GS_2015_Seilziehen_AT-Anna-RWS6275-200x133.jpg 200w, https:\/\/www.st-anna.eu\/wp-content\/uploads\/2022\/10\/3b_GS_2015_Seilziehen_AT-Anna-RWS6275-300x200.jpg 300w, https:\/\/www.st-anna.eu\/wp-content\/uploads\/2022\/10\/3b_GS_2015_Seilziehen_AT-Anna-RWS6275-400x267.jpg 400w, https:\/\/www.st-anna.eu\/wp-content\/uploads\/2022\/10\/3b_GS_2015_Seilziehen_AT-Anna-RWS6275-600x400.jpg 600w, https:\/\/www.st-anna.eu\/wp-content\/uploads\/2022\/10\/3b_GS_2015_Seilziehen_AT-Anna-RWS6275-768x512.jpg 768w, https:\/\/www.st-anna.eu\/wp-content\/uploads\/2022\/10\/3b_GS_2015_Seilziehen_AT-Anna-RWS6275-800x533.jpg 800w, https:\/\/www.st-anna.eu\/wp-content\/uploads\/2022\/10\/3b_GS_2015_Seilziehen_AT-Anna-RWS6275-1024x683.jpg 1024w, https:\/\/www.st-anna.eu\/wp-content\/uploads\/2022\/10\/3b_GS_2015_Seilziehen_AT-Anna-RWS6275-1200x800.jpg 1200w, https:\/\/www.st-anna.eu\/wp-content\/uploads\/2022\/10\/3b_GS_2015_Seilziehen_AT-Anna-RWS6275-1536x1024.jpg 1536w, https:\/\/www.st-anna.eu\/wp-content\/uploads\/2022\/10\/3b_GS_2015_Seilziehen_AT-Anna-RWS6275.jpg 1980w\" data-sizes=\"auto\" \/><\/div><\/div><\/div><div class=\"swiper-slide\"><div class=\"fusion-carousel-item-wrapper\"><div class=\"fusion-image-wrapper hover-type-none\"><img decoding=\"async\" width=\"1980\" height=\"1320\" src=\"https:\/\/www.st-anna.eu\/wp-content\/uploads\/2022\/10\/4_2015_Tischtennis-gross-und-klein_GSG-9727.jpg\" class=\"attachment-full size-full lazyload\" alt=\"\" srcset=\"data:image\/svg+xml,%3Csvg%20xmlns%3D%27http%3A%2F%2Fwww.w3.org%2F2000%2Fsvg%27%20width%3D%271980%27%20height%3D%271320%27%20viewBox%3D%270%200%201980%201320%27%3E%3Crect%20width%3D%271980%27%20height%3D%271320%27%20fill-opacity%3D%220%22%2F%3E%3C%2Fsvg%3E\" data-orig-src=\"https:\/\/www.st-anna.eu\/wp-content\/uploads\/2022\/10\/4_2015_Tischtennis-gross-und-klein_GSG-9727.jpg\" data-srcset=\"https:\/\/www.st-anna.eu\/wp-content\/uploads\/2022\/10\/4_2015_Tischtennis-gross-und-klein_GSG-9727-200x133.jpg 200w, https:\/\/www.st-anna.eu\/wp-content\/uploads\/2022\/10\/4_2015_Tischtennis-gross-und-klein_GSG-9727-300x200.jpg 300w, https:\/\/www.st-anna.eu\/wp-content\/uploads\/2022\/10\/4_2015_Tischtennis-gross-und-klein_GSG-9727-400x267.jpg 400w, https:\/\/www.st-anna.eu\/wp-content\/uploads\/2022\/10\/4_2015_Tischtennis-gross-und-klein_GSG-9727-600x400.jpg 600w, https:\/\/www.st-anna.eu\/wp-content\/uploads\/2022\/10\/4_2015_Tischtennis-gross-und-klein_GSG-9727-768x512.jpg 768w, https:\/\/www.st-anna.eu\/wp-content\/uploads\/2022\/10\/4_2015_Tischtennis-gross-und-klein_GSG-9727-800x533.jpg 800w, https:\/\/www.st-anna.eu\/wp-content\/uploads\/2022\/10\/4_2015_Tischtennis-gross-und-klein_GSG-9727-1024x683.jpg 1024w, https:\/\/www.st-anna.eu\/wp-content\/uploads\/2022\/10\/4_2015_Tischtennis-gross-und-klein_GSG-9727-1200x800.jpg 1200w, https:\/\/www.st-anna.eu\/wp-content\/uploads\/2022\/10\/4_2015_Tischtennis-gross-und-klein_GSG-9727-1536x1024.jpg 1536w, https:\/\/www.st-anna.eu\/wp-content\/uploads\/2022\/10\/4_2015_Tischtennis-gross-und-klein_GSG-9727.jpg 1980w\" data-sizes=\"auto\" \/><\/div><\/div><\/div><div class=\"swiper-slide\"><div class=\"fusion-carousel-item-wrapper\"><div class=\"fusion-image-wrapper hover-type-none\"><img decoding=\"async\" width=\"1980\" height=\"1320\" src=\"https:\/\/www.st-anna.eu\/wp-content\/uploads\/2022\/10\/5_GS_2021_Springende-Kinder-Huegel-auf-Aktuelles-6899.jpg\" class=\"attachment-full size-full lazyload\" alt=\"\" srcset=\"data:image\/svg+xml,%3Csvg%20xmlns%3D%27http%3A%2F%2Fwww.w3.org%2F2000%2Fsvg%27%20width%3D%271980%27%20height%3D%271320%27%20viewBox%3D%270%200%201980%201320%27%3E%3Crect%20width%3D%271980%27%20height%3D%271320%27%20fill-opacity%3D%220%22%2F%3E%3C%2Fsvg%3E\" data-orig-src=\"https:\/\/www.st-anna.eu\/wp-content\/uploads\/2022\/10\/5_GS_2021_Springende-Kinder-Huegel-auf-Aktuelles-6899.jpg\" data-srcset=\"https:\/\/www.st-anna.eu\/wp-content\/uploads\/2022\/10\/5_GS_2021_Springende-Kinder-Huegel-auf-Aktuelles-6899-200x133.jpg 200w, https:\/\/www.st-anna.eu\/wp-content\/uploads\/2022\/10\/5_GS_2021_Springende-Kinder-Huegel-auf-Aktuelles-6899-300x200.jpg 300w, https:\/\/www.st-anna.eu\/wp-content\/uploads\/2022\/10\/5_GS_2021_Springende-Kinder-Huegel-auf-Aktuelles-6899-400x267.jpg 400w, https:\/\/www.st-anna.eu\/wp-content\/uploads\/2022\/10\/5_GS_2021_Springende-Kinder-Huegel-auf-Aktuelles-6899-600x400.jpg 600w, https:\/\/www.st-anna.eu\/wp-content\/uploads\/2022\/10\/5_GS_2021_Springende-Kinder-Huegel-auf-Aktuelles-6899-768x512.jpg 768w, https:\/\/www.st-anna.eu\/wp-content\/uploads\/2022\/10\/5_GS_2021_Springende-Kinder-Huegel-auf-Aktuelles-6899-800x533.jpg 800w, https:\/\/www.st-anna.eu\/wp-content\/uploads\/2022\/10\/5_GS_2021_Springende-Kinder-Huegel-auf-Aktuelles-6899-1024x683.jpg 1024w, https:\/\/www.st-anna.eu\/wp-content\/uploads\/2022\/10\/5_GS_2021_Springende-Kinder-Huegel-auf-Aktuelles-6899-1200x800.jpg 1200w, https:\/\/www.st-anna.eu\/wp-content\/uploads\/2022\/10\/5_GS_2021_Springende-Kinder-Huegel-auf-Aktuelles-6899-1536x1024.jpg 1536w, https:\/\/www.st-anna.eu\/wp-content\/uploads\/2022\/10\/5_GS_2021_Springende-Kinder-Huegel-auf-Aktuelles-6899.jpg 1980w\" data-sizes=\"auto\" \/><\/div><\/div><\/div><div class=\"swiper-slide\"><div class=\"fusion-carousel-item-wrapper\"><div class=\"fusion-image-wrapper hover-type-none\"><img decoding=\"async\" width=\"1980\" height=\"1320\" src=\"https:\/\/www.st-anna.eu\/wp-content\/uploads\/2022\/10\/6_2015_Sporthalle-Eggenb_web.jpg\" class=\"attachment-full size-full lazyload\" alt=\"\" srcset=\"data:image\/svg+xml,%3Csvg%20xmlns%3D%27http%3A%2F%2Fwww.w3.org%2F2000%2Fsvg%27%20width%3D%271980%27%20height%3D%271320%27%20viewBox%3D%270%200%201980%201320%27%3E%3Crect%20width%3D%271980%27%20height%3D%271320%27%20fill-opacity%3D%220%22%2F%3E%3C%2Fsvg%3E\" data-orig-src=\"https:\/\/www.st-anna.eu\/wp-content\/uploads\/2022\/10\/6_2015_Sporthalle-Eggenb_web.jpg\" data-srcset=\"https:\/\/www.st-anna.eu\/wp-content\/uploads\/2022\/10\/6_2015_Sporthalle-Eggenb_web-200x133.jpg 200w, https:\/\/www.st-anna.eu\/wp-content\/uploads\/2022\/10\/6_2015_Sporthalle-Eggenb_web-300x200.jpg 300w, https:\/\/www.st-anna.eu\/wp-content\/uploads\/2022\/10\/6_2015_Sporthalle-Eggenb_web-400x267.jpg 400w, https:\/\/www.st-anna.eu\/wp-content\/uploads\/2022\/10\/6_2015_Sporthalle-Eggenb_web-600x400.jpg 600w, https:\/\/www.st-anna.eu\/wp-content\/uploads\/2022\/10\/6_2015_Sporthalle-Eggenb_web-768x512.jpg 768w, https:\/\/www.st-anna.eu\/wp-content\/uploads\/2022\/10\/6_2015_Sporthalle-Eggenb_web-800x533.jpg 800w, https:\/\/www.st-anna.eu\/wp-content\/uploads\/2022\/10\/6_2015_Sporthalle-Eggenb_web-1024x683.jpg 1024w, https:\/\/www.st-anna.eu\/wp-content\/uploads\/2022\/10\/6_2015_Sporthalle-Eggenb_web-1200x800.jpg 1200w, https:\/\/www.st-anna.eu\/wp-content\/uploads\/2022\/10\/6_2015_Sporthalle-Eggenb_web-1536x1024.jpg 1536w, https:\/\/www.st-anna.eu\/wp-content\/uploads\/2022\/10\/6_2015_Sporthalle-Eggenb_web.jpg 1980w\" data-sizes=\"auto\" \/><\/div><\/div><\/div><div class=\"swiper-slide\"><div class=\"fusion-carousel-item-wrapper\"><div class=\"fusion-image-wrapper hover-type-none\"><img decoding=\"async\" width=\"1980\" height=\"1320\" src=\"https:\/\/www.st-anna.eu\/wp-content\/uploads\/2022\/10\/7_2015_Mittagessen_GSG-0559-.jpg\" class=\"attachment-full size-full lazyload\" alt=\"\" srcset=\"data:image\/svg+xml,%3Csvg%20xmlns%3D%27http%3A%2F%2Fwww.w3.org%2F2000%2Fsvg%27%20width%3D%271980%27%20height%3D%271320%27%20viewBox%3D%270%200%201980%201320%27%3E%3Crect%20width%3D%271980%27%20height%3D%271320%27%20fill-opacity%3D%220%22%2F%3E%3C%2Fsvg%3E\" data-orig-src=\"https:\/\/www.st-anna.eu\/wp-content\/uploads\/2022\/10\/7_2015_Mittagessen_GSG-0559-.jpg\" data-srcset=\"https:\/\/www.st-anna.eu\/wp-content\/uploads\/2022\/10\/7_2015_Mittagessen_GSG-0559--200x133.jpg 200w, https:\/\/www.st-anna.eu\/wp-content\/uploads\/2022\/10\/7_2015_Mittagessen_GSG-0559--300x200.jpg 300w, https:\/\/www.st-anna.eu\/wp-content\/uploads\/2022\/10\/7_2015_Mittagessen_GSG-0559--400x267.jpg 400w, https:\/\/www.st-anna.eu\/wp-content\/uploads\/2022\/10\/7_2015_Mittagessen_GSG-0559--600x400.jpg 600w, https:\/\/www.st-anna.eu\/wp-content\/uploads\/2022\/10\/7_2015_Mittagessen_GSG-0559--768x512.jpg 768w, https:\/\/www.st-anna.eu\/wp-content\/uploads\/2022\/10\/7_2015_Mittagessen_GSG-0559--800x533.jpg 800w, https:\/\/www.st-anna.eu\/wp-content\/uploads\/2022\/10\/7_2015_Mittagessen_GSG-0559--1024x683.jpg 1024w, https:\/\/www.st-anna.eu\/wp-content\/uploads\/2022\/10\/7_2015_Mittagessen_GSG-0559--1200x800.jpg 1200w, https:\/\/www.st-anna.eu\/wp-content\/uploads\/2022\/10\/7_2015_Mittagessen_GSG-0559--1536x1024.jpg 1536w, https:\/\/www.st-anna.eu\/wp-content\/uploads\/2022\/10\/7_2015_Mittagessen_GSG-0559-.jpg 1980w\" data-sizes=\"auto\" \/><\/div><\/div><\/div><div class=\"swiper-slide\"><div class=\"fusion-carousel-item-wrapper\"><div class=\"fusion-image-wrapper hover-type-none\"><img decoding=\"async\" width=\"1980\" height=\"1320\" src=\"https:\/\/www.st-anna.eu\/wp-content\/uploads\/2022\/10\/8a_GS_Lesen_AT-Anna-RWS7346.jpg\" class=\"attachment-full size-full lazyload\" alt=\"\" srcset=\"data:image\/svg+xml,%3Csvg%20xmlns%3D%27http%3A%2F%2Fwww.w3.org%2F2000%2Fsvg%27%20width%3D%271980%27%20height%3D%271320%27%20viewBox%3D%270%200%201980%201320%27%3E%3Crect%20width%3D%271980%27%20height%3D%271320%27%20fill-opacity%3D%220%22%2F%3E%3C%2Fsvg%3E\" data-orig-src=\"https:\/\/www.st-anna.eu\/wp-content\/uploads\/2022\/10\/8a_GS_Lesen_AT-Anna-RWS7346.jpg\" data-srcset=\"https:\/\/www.st-anna.eu\/wp-content\/uploads\/2022\/10\/8a_GS_Lesen_AT-Anna-RWS7346-200x133.jpg 200w, https:\/\/www.st-anna.eu\/wp-content\/uploads\/2022\/10\/8a_GS_Lesen_AT-Anna-RWS7346-300x200.jpg 300w, https:\/\/www.st-anna.eu\/wp-content\/uploads\/2022\/10\/8a_GS_Lesen_AT-Anna-RWS7346-400x267.jpg 400w, https:\/\/www.st-anna.eu\/wp-content\/uploads\/2022\/10\/8a_GS_Lesen_AT-Anna-RWS7346-600x400.jpg 600w, https:\/\/www.st-anna.eu\/wp-content\/uploads\/2022\/10\/8a_GS_Lesen_AT-Anna-RWS7346-768x512.jpg 768w, https:\/\/www.st-anna.eu\/wp-content\/uploads\/2022\/10\/8a_GS_Lesen_AT-Anna-RWS7346-800x533.jpg 800w, https:\/\/www.st-anna.eu\/wp-content\/uploads\/2022\/10\/8a_GS_Lesen_AT-Anna-RWS7346-1024x683.jpg 1024w, https:\/\/www.st-anna.eu\/wp-content\/uploads\/2022\/10\/8a_GS_Lesen_AT-Anna-RWS7346-1200x800.jpg 1200w, https:\/\/www.st-anna.eu\/wp-content\/uploads\/2022\/10\/8a_GS_Lesen_AT-Anna-RWS7346-1536x1024.jpg 1536w, https:\/\/www.st-anna.eu\/wp-content\/uploads\/2022\/10\/8a_GS_Lesen_AT-Anna-RWS7346.jpg 1980w\" data-sizes=\"auto\" \/><\/div><\/div><\/div><div class=\"swiper-slide\"><div class=\"fusion-carousel-item-wrapper\"><div class=\"fusion-image-wrapper hover-type-none\"><img decoding=\"async\" width=\"1980\" height=\"1320\" src=\"https:\/\/www.st-anna.eu\/wp-content\/uploads\/2022\/10\/8b_GS_Kapla_AT-Anna-RWS6735-Kopie.jpg\" class=\"attachment-full size-full lazyload\" alt=\"\" srcset=\"data:image\/svg+xml,%3Csvg%20xmlns%3D%27http%3A%2F%2Fwww.w3.org%2F2000%2Fsvg%27%20width%3D%271980%27%20height%3D%271320%27%20viewBox%3D%270%200%201980%201320%27%3E%3Crect%20width%3D%271980%27%20height%3D%271320%27%20fill-opacity%3D%220%22%2F%3E%3C%2Fsvg%3E\" data-orig-src=\"https:\/\/www.st-anna.eu\/wp-content\/uploads\/2022\/10\/8b_GS_Kapla_AT-Anna-RWS6735-Kopie.jpg\" data-srcset=\"https:\/\/www.st-anna.eu\/wp-content\/uploads\/2022\/10\/8b_GS_Kapla_AT-Anna-RWS6735-Kopie-200x133.jpg 200w, https:\/\/www.st-anna.eu\/wp-content\/uploads\/2022\/10\/8b_GS_Kapla_AT-Anna-RWS6735-Kopie-300x200.jpg 300w, https:\/\/www.st-anna.eu\/wp-content\/uploads\/2022\/10\/8b_GS_Kapla_AT-Anna-RWS6735-Kopie-400x267.jpg 400w, https:\/\/www.st-anna.eu\/wp-content\/uploads\/2022\/10\/8b_GS_Kapla_AT-Anna-RWS6735-Kopie-600x400.jpg 600w, https:\/\/www.st-anna.eu\/wp-content\/uploads\/2022\/10\/8b_GS_Kapla_AT-Anna-RWS6735-Kopie-768x512.jpg 768w, https:\/\/www.st-anna.eu\/wp-content\/uploads\/2022\/10\/8b_GS_Kapla_AT-Anna-RWS6735-Kopie-800x533.jpg 800w, https:\/\/www.st-anna.eu\/wp-content\/uploads\/2022\/10\/8b_GS_Kapla_AT-Anna-RWS6735-Kopie-1024x683.jpg 1024w, https:\/\/www.st-anna.eu\/wp-content\/uploads\/2022\/10\/8b_GS_Kapla_AT-Anna-RWS6735-Kopie-1200x800.jpg 1200w, https:\/\/www.st-anna.eu\/wp-content\/uploads\/2022\/10\/8b_GS_Kapla_AT-Anna-RWS6735-Kopie-1536x1024.jpg 1536w, https:\/\/www.st-anna.eu\/wp-content\/uploads\/2022\/10\/8b_GS_Kapla_AT-Anna-RWS6735-Kopie.jpg 1980w\" data-sizes=\"auto\" \/><\/div><\/div><\/div><div class=\"swiper-slide\"><div class=\"fusion-carousel-item-wrapper\"><div class=\"fusion-image-wrapper hover-type-none\"><img decoding=\"async\" width=\"1980\" height=\"1320\" src=\"https:\/\/www.st-anna.eu\/wp-content\/uploads\/2022\/10\/8c_GS_2015_Theater-G.H.RWS-7439.jpg\" class=\"attachment-full size-full lazyload\" alt=\"\" srcset=\"data:image\/svg+xml,%3Csvg%20xmlns%3D%27http%3A%2F%2Fwww.w3.org%2F2000%2Fsvg%27%20width%3D%271980%27%20height%3D%271320%27%20viewBox%3D%270%200%201980%201320%27%3E%3Crect%20width%3D%271980%27%20height%3D%271320%27%20fill-opacity%3D%220%22%2F%3E%3C%2Fsvg%3E\" data-orig-src=\"https:\/\/www.st-anna.eu\/wp-content\/uploads\/2022\/10\/8c_GS_2015_Theater-G.H.RWS-7439.jpg\" data-srcset=\"https:\/\/www.st-anna.eu\/wp-content\/uploads\/2022\/10\/8c_GS_2015_Theater-G.H.RWS-7439-200x133.jpg 200w, https:\/\/www.st-anna.eu\/wp-content\/uploads\/2022\/10\/8c_GS_2015_Theater-G.H.RWS-7439-300x200.jpg 300w, https:\/\/www.st-anna.eu\/wp-content\/uploads\/2022\/10\/8c_GS_2015_Theater-G.H.RWS-7439-400x267.jpg 400w, https:\/\/www.st-anna.eu\/wp-content\/uploads\/2022\/10\/8c_GS_2015_Theater-G.H.RWS-7439-600x400.jpg 600w, https:\/\/www.st-anna.eu\/wp-content\/uploads\/2022\/10\/8c_GS_2015_Theater-G.H.RWS-7439-768x512.jpg 768w, https:\/\/www.st-anna.eu\/wp-content\/uploads\/2022\/10\/8c_GS_2015_Theater-G.H.RWS-7439-800x533.jpg 800w, https:\/\/www.st-anna.eu\/wp-content\/uploads\/2022\/10\/8c_GS_2015_Theater-G.H.RWS-7439-1024x683.jpg 1024w, https:\/\/www.st-anna.eu\/wp-content\/uploads\/2022\/10\/8c_GS_2015_Theater-G.H.RWS-7439-1200x800.jpg 1200w, https:\/\/www.st-anna.eu\/wp-content\/uploads\/2022\/10\/8c_GS_2015_Theater-G.H.RWS-7439-1536x1024.jpg 1536w, https:\/\/www.st-anna.eu\/wp-content\/uploads\/2022\/10\/8c_GS_2015_Theater-G.H.RWS-7439.jpg 1980w\" data-sizes=\"auto\" \/><\/div><\/div><\/div><div class=\"swiper-slide\"><div class=\"fusion-carousel-item-wrapper\"><div class=\"fusion-image-wrapper hover-type-none\"><img decoding=\"async\" width=\"1980\" height=\"1320\" src=\"https:\/\/www.st-anna.eu\/wp-content\/uploads\/2022\/10\/8d_GS_2015_Thearter-Schwaene_7918.jpg\" class=\"attachment-full size-full lazyload\" alt=\"\" srcset=\"data:image\/svg+xml,%3Csvg%20xmlns%3D%27http%3A%2F%2Fwww.w3.org%2F2000%2Fsvg%27%20width%3D%271980%27%20height%3D%271320%27%20viewBox%3D%270%200%201980%201320%27%3E%3Crect%20width%3D%271980%27%20height%3D%271320%27%20fill-opacity%3D%220%22%2F%3E%3C%2Fsvg%3E\" data-orig-src=\"https:\/\/www.st-anna.eu\/wp-content\/uploads\/2022\/10\/8d_GS_2015_Thearter-Schwaene_7918.jpg\" data-srcset=\"https:\/\/www.st-anna.eu\/wp-content\/uploads\/2022\/10\/8d_GS_2015_Thearter-Schwaene_7918-200x133.jpg 200w, https:\/\/www.st-anna.eu\/wp-content\/uploads\/2022\/10\/8d_GS_2015_Thearter-Schwaene_7918-300x200.jpg 300w, https:\/\/www.st-anna.eu\/wp-content\/uploads\/2022\/10\/8d_GS_2015_Thearter-Schwaene_7918-400x267.jpg 400w, https:\/\/www.st-anna.eu\/wp-content\/uploads\/2022\/10\/8d_GS_2015_Thearter-Schwaene_7918-600x400.jpg 600w, https:\/\/www.st-anna.eu\/wp-content\/uploads\/2022\/10\/8d_GS_2015_Thearter-Schwaene_7918-768x512.jpg 768w, https:\/\/www.st-anna.eu\/wp-content\/uploads\/2022\/10\/8d_GS_2015_Thearter-Schwaene_7918-800x533.jpg 800w, https:\/\/www.st-anna.eu\/wp-content\/uploads\/2022\/10\/8d_GS_2015_Thearter-Schwaene_7918-1024x683.jpg 1024w, https:\/\/www.st-anna.eu\/wp-content\/uploads\/2022\/10\/8d_GS_2015_Thearter-Schwaene_7918-1200x800.jpg 1200w, https:\/\/www.st-anna.eu\/wp-content\/uploads\/2022\/10\/8d_GS_2015_Thearter-Schwaene_7918-1536x1024.jpg 1536w, https:\/\/www.st-anna.eu\/wp-content\/uploads\/2022\/10\/8d_GS_2015_Thearter-Schwaene_7918.jpg 1980w\" data-sizes=\"auto\" \/><\/div><\/div><\/div><div class=\"swiper-slide\"><div class=\"fusion-carousel-item-wrapper\"><div class=\"fusion-image-wrapper hover-type-none\"><img decoding=\"async\" width=\"1980\" height=\"1320\" src=\"https:\/\/www.st-anna.eu\/wp-content\/uploads\/2022\/10\/9_2015_GS_2021_6491_Seilspringen.jpg\" class=\"attachment-full size-full lazyload\" alt=\"\" srcset=\"data:image\/svg+xml,%3Csvg%20xmlns%3D%27http%3A%2F%2Fwww.w3.org%2F2000%2Fsvg%27%20width%3D%271980%27%20height%3D%271320%27%20viewBox%3D%270%200%201980%201320%27%3E%3Crect%20width%3D%271980%27%20height%3D%271320%27%20fill-opacity%3D%220%22%2F%3E%3C%2Fsvg%3E\" data-orig-src=\"https:\/\/www.st-anna.eu\/wp-content\/uploads\/2022\/10\/9_2015_GS_2021_6491_Seilspringen.jpg\" data-srcset=\"https:\/\/www.st-anna.eu\/wp-content\/uploads\/2022\/10\/9_2015_GS_2021_6491_Seilspringen-200x133.jpg 200w, https:\/\/www.st-anna.eu\/wp-content\/uploads\/2022\/10\/9_2015_GS_2021_6491_Seilspringen-300x200.jpg 300w, https:\/\/www.st-anna.eu\/wp-content\/uploads\/2022\/10\/9_2015_GS_2021_6491_Seilspringen-400x267.jpg 400w, https:\/\/www.st-anna.eu\/wp-content\/uploads\/2022\/10\/9_2015_GS_2021_6491_Seilspringen-600x400.jpg 600w, https:\/\/www.st-anna.eu\/wp-content\/uploads\/2022\/10\/9_2015_GS_2021_6491_Seilspringen-768x512.jpg 768w, https:\/\/www.st-anna.eu\/wp-content\/uploads\/2022\/10\/9_2015_GS_2021_6491_Seilspringen-800x533.jpg 800w, https:\/\/www.st-anna.eu\/wp-content\/uploads\/2022\/10\/9_2015_GS_2021_6491_Seilspringen-1024x683.jpg 1024w, https:\/\/www.st-anna.eu\/wp-content\/uploads\/2022\/10\/9_2015_GS_2021_6491_Seilspringen-1200x800.jpg 1200w, https:\/\/www.st-anna.eu\/wp-content\/uploads\/2022\/10\/9_2015_GS_2021_6491_Seilspringen-1536x1024.jpg 1536w, https:\/\/www.st-anna.eu\/wp-content\/uploads\/2022\/10\/9_2015_GS_2021_6491_Seilspringen.jpg 1980w\" data-sizes=\"auto\" \/><\/div><\/div><\/div><div class=\"swiper-slide\"><div class=\"fusion-carousel-item-wrapper\"><div class=\"fusion-image-wrapper hover-type-none\"><img decoding=\"async\" width=\"1980\" height=\"1320\" src=\"https:\/\/www.st-anna.eu\/wp-content\/uploads\/2022\/10\/10_Schulcampus_Blick-von-oben_bearb.JL_-1.jpg\" class=\"attachment-full size-full lazyload\" alt=\"\" srcset=\"data:image\/svg+xml,%3Csvg%20xmlns%3D%27http%3A%2F%2Fwww.w3.org%2F2000%2Fsvg%27%20width%3D%271980%27%20height%3D%271320%27%20viewBox%3D%270%200%201980%201320%27%3E%3Crect%20width%3D%271980%27%20height%3D%271320%27%20fill-opacity%3D%220%22%2F%3E%3C%2Fsvg%3E\" data-orig-src=\"https:\/\/www.st-anna.eu\/wp-content\/uploads\/2022\/10\/10_Schulcampus_Blick-von-oben_bearb.JL_-1.jpg\" data-srcset=\"https:\/\/www.st-anna.eu\/wp-content\/uploads\/2022\/10\/10_Schulcampus_Blick-von-oben_bearb.JL_-1-200x133.jpg 200w, https:\/\/www.st-anna.eu\/wp-content\/uploads\/2022\/10\/10_Schulcampus_Blick-von-oben_bearb.JL_-1-300x200.jpg 300w, https:\/\/www.st-anna.eu\/wp-content\/uploads\/2022\/10\/10_Schulcampus_Blick-von-oben_bearb.JL_-1-400x267.jpg 400w, https:\/\/www.st-anna.eu\/wp-content\/uploads\/2022\/10\/10_Schulcampus_Blick-von-oben_bearb.JL_-1-600x400.jpg 600w, https:\/\/www.st-anna.eu\/wp-content\/uploads\/2022\/10\/10_Schulcampus_Blick-von-oben_bearb.JL_-1-768x512.jpg 768w, https:\/\/www.st-anna.eu\/wp-content\/uploads\/2022\/10\/10_Schulcampus_Blick-von-oben_bearb.JL_-1-800x533.jpg 800w, https:\/\/www.st-anna.eu\/wp-content\/uploads\/2022\/10\/10_Schulcampus_Blick-von-oben_bearb.JL_-1-1024x683.jpg 1024w, https:\/\/www.st-anna.eu\/wp-content\/uploads\/2022\/10\/10_Schulcampus_Blick-von-oben_bearb.JL_-1-1200x800.jpg 1200w, https:\/\/www.st-anna.eu\/wp-content\/uploads\/2022\/10\/10_Schulcampus_Blick-von-oben_bearb.JL_-1-1536x1024.jpg 1536w, https:\/\/www.st-anna.eu\/wp-content\/uploads\/2022\/10\/10_Schulcampus_Blick-von-oben_bearb.JL_-1.jpg 1980w\" data-sizes=\"auto\" \/><\/div><\/div><\/div><\/div><div class=\"awb-swiper-button awb-swiper-button-prev\"><i class=\"awb-icon-angle-left\" aria-hidden=\"true\"><\/i><\/div><div class=\"awb-swiper-button awb-swiper-button-next\"><i class=\"awb-icon-angle-right\" aria-hidden=\"true\"><\/i><\/div><\/div><\/div><\/div><\/div><div class=\"fusion-layout-column fusion_builder_column fusion-builder-column-2 fusion_builder_column_1_1 1_1 fusion-flex-column mobile-text-under-top-image slider\" style=\"--awb-padding-right:15px;--awb-padding-bottom:60px;--awb-padding-left:15px;--awb-bg-size:cover;--awb-width-large:100%;--awb-margin-top-large:0px;--awb-spacing-right-large:1.92%;--awb-margin-bottom-large:0px;--awb-spacing-left-large:1.92%;--awb-width-medium:100%;--awb-order-medium:0;--awb-spacing-right-medium:1.92%;--awb-spacing-left-medium:1.92%;--awb-width-small:100%;--awb-order-small:0;--awb-spacing-right-small:1.92%;--awb-spacing-left-small:1.92%;\"><div class=\"fusion-column-wrapper fusion-column-has-shadow fusion-flex-justify-content-flex-start fusion-content-layout-column\"><div class=\"fusion-widget fusion-widget-element fusion-widget-area fusion-content-widget-area wpWidget-1 seitenmenu-rwgrundschule fusion_widget_menu\" style=\"--awb-fusion-padding-color:15px;--awb-fusion-border-size:0px;--awb-fusion-border-style:solid;\"><div class=\"widget menu\"><style type=\"text\/css\">#menu-widget-1{text-align:left;}#fusion-menu-widget-1 li{display:inline-block;}#fusion-menu-widget-1 ul li a{display:inline-block;padding:0;border:0;color:#000000;font-size:14px;}#fusion-menu-widget-1 ul li a:after{content:\"|\";color:#000000;padding-right:5px;padding-left:5px;font-size:14px;}#fusion-menu-widget-1 ul li a:hover,#fusion-menu-widget-1 ul .menu-item.current-menu-item a{color:#ffffff;}#fusion-menu-widget-1 ul li:last-child a:after{display:none;}#fusion-menu-widget-1 ul li .fusion-widget-cart-number{margin:0 7px;background-color:#ffffff;color:#000000;}#fusion-menu-widget-1 ul li.fusion-active-cart-icon .fusion-widget-cart-icon:after{color:#ffffff;}<\/style><nav id=\"fusion-menu-widget-1\" class=\"fusion-widget-menu\" aria-label=\"Secondary Navigation: \"><ul id=\"menu-sidebar-menue-grundschule\" class=\"menu\"><li id=\"menu-item-4035\" class=\"menu-item menu-item-type-post_type menu-item-object-page menu-item-4035\"><a href=\"https:\/\/www.st-anna.eu\/de\/grundschule-eggenberg-in-icking\/vormittag\/\">Vormittag<\/a><\/li><li id=\"menu-item-1642\" class=\"menu-item menu-item-type-post_type menu-item-object-page menu-item-1642\"><a href=\"https:\/\/www.st-anna.eu\/de\/grundschule-eggenberg-in-icking\/nachmittag\/\">Nachmittag<\/a><\/li><li id=\"menu-item-4452\" class=\"menu-item menu-item-type-post_type menu-item-object-page menu-item-4452\"><a href=\"https:\/\/www.st-anna.eu\/de\/grundschule-eggenberg-in-icking\/schulkleidung\/\">Schulkleidung<\/a><\/li><li id=\"menu-item-1644\" class=\"menu-item menu-item-type-post_type menu-item-object-page menu-item-1644\"><a href=\"https:\/\/www.st-anna.eu\/de\/grundschule-eggenberg-in-icking\/team-kontakt\/\">Team &#038; Kontakt<\/a><\/li><\/ul><\/nav><\/div><\/div><div class=\"fusion-title title fusion-title-2 fusion-sep-none fusion-title-text fusion-title-size-one\" style=\"--awb-margin-top:0px;--awb-margin-top-small:10px;--awb-margin-bottom-small:10px;\"><h1 class=\"fusion-title-heading title-heading-left\" style=\"margin:0;\"><h1 style=\"text-align: left; font-size: 18px;\">Grundschule Eggenberg<\/h1><\/h1><\/div><div class=\"fusion-text fusion-text-2\"><p><span style=\"font-size: 11pt;\">Kleine Klassen, gro\u00dfe Wirkung: In pers\u00f6nlicher Atmosph\u00e4re kann Lernen Freude machen. Unsere 60 Grundsch\u00fcler erleben das t\u00e4glich neu. Ein Lehrer und ein P\u00e4dagoge begleiten jede Klasse dabei. Sie sind ein festes Team f\u00fcr Vormittag und Nachmittag. Denn Schule ist mehr als Unterricht. Das gute Zusammenleben setzt auch Umgangsformen voraus, die f\u00fcr alle gelten. Die Grundlage daf\u00fcr bilden unsere <a href=\"https:\/\/www.st-anna.eu\/wp-content\/uploads\/2021\/08\/Hausordnung-fuer-die-Schulen-im-St.-Anna-Colleg-1.pdf\">Hausordnung<\/a> und unsere eigens konzipierte <a href=\"https:\/\/www.st-anna.eu\/de\/grundschule-eggenberg\/schulkleidung\/\">Schulkleidung<\/a>. So k\u00f6nnen die Kinder ins Leben hinein- und \u00fcber sich hinauswachsen.<\/span><\/p>\n<p><span style=\"font-size: 11pt;\">Unsere staatlich anerkannte, private Grundschule in der N\u00e4he von M\u00fcnchen bietet Raum zum Lernen und Zeit f\u00fcr Anderes: F\u00fcnf Vormittage, Mittagessen und zwei verpflichtende Nachmittage umfasst unser Kernangebot. Im frei belegbaren Erg\u00e4nzungsangebot k\u00f6nnen bis zu zwei weitere Nachmittage gebucht werden. Alle Nachmittage bestehen aus Lernzeit und Wahlkursen und finden im Klassenverband statt. Sie sind von Montag bis Donnerstag frei w\u00e4hlbar und k\u00f6nnen jeweils f\u00fcr ein halbes Jahr gebucht werden.<\/span><\/p>\n<p><span style=\"font-size: 11pt;\"><strong><b>N\u00e4chste Schulf\u00fchrung:<\/b><\/strong><\/span><br \/>\n<span style=\"font-size: 11pt;\">9. Juli 2026 um 14:30 Uhr<\/span><span style=\"font-size: 11pt;\"><br \/>\n<span style=\"font-size: 11pt;\"><a href=\"https:\/\/www.st-anna.eu\/de\/aufnahme\/schulfuehrungen\/\">Weitere Informationen &#8230;<\/a><\/span><\/span><\/p>\n<\/div><\/div><\/div><\/div><\/div><\/p>\n","protected":false},"excerpt":{"rendered":"","protected":false},"author":1,"featured_media":6176,"parent":0,"menu_order":0,"comment_status":"closed","ping_status":"closed","template":"100-width.php","meta":{"_acf_changed":false,"inline_featured_image":false,"footnotes":""},"class_list":["post-511","page","type-page","status-publish","has-post-thumbnail","hentry"],"acf":[],"yoast_head":"<!-- This site is optimized with the Yoast SEO plugin v27.5 - https:\/\/yoast.com\/product\/yoast-seo-wordpress\/ -->\n<title>Grundschule Eggenberg \u2013 Private Grundschule in Icking<\/title>\n<meta name=\"description\" content=\"Lernen kann Freude machen. Die 60 Sch\u00fcler der Grundschule Eggenberg in Icking erleben das t\u00e4glich neu. Kleine Klassen, gro\u00dfe Wirkung!\" \/>\n<meta name=\"robots\" content=\"index, follow, max-snippet:-1, max-image-preview:large, max-video-preview:-1\" \/>\n<link rel=\"canonical\" href=\"https:\/\/www.st-anna.eu\/de\/grundschule-eggenberg-in-icking\/\" \/>\n<meta property=\"og:locale\" content=\"de_DE\" \/>\n<meta property=\"og:type\" content=\"article\" \/>\n<meta property=\"og:title\" content=\"Grundschule Eggenberg \u2013 Private Grundschule in Icking\" \/>\n<meta property=\"og:description\" content=\"Lernen kann Freude machen. Die 60 Sch\u00fcler der Grundschule Eggenberg in Icking erleben das t\u00e4glich neu. Kleine Klassen, gro\u00dfe Wirkung!\" \/>\n<meta property=\"og:url\" content=\"https:\/\/www.st-anna.eu\/de\/grundschule-eggenberg-in-icking\/\" \/>\n<meta property=\"og:site_name\" content=\"St. Anna Colleg\" \/>\n<meta property=\"article:modified_time\" content=\"2026-04-17T07:59:55+00:00\" \/>\n<meta property=\"og:image\" content=\"https:\/\/www.st-anna.eu\/wp-content\/uploads\/2022\/10\/0_Grundschule_Vorlesen.jpg\" \/>\n\t<meta property=\"og:image:width\" content=\"1980\" \/>\n\t<meta property=\"og:image:height\" content=\"1320\" \/>\n\t<meta property=\"og:image:type\" content=\"image\/jpeg\" \/>\n<meta name=\"twitter:card\" content=\"summary_large_image\" \/>\n<meta name=\"twitter:label1\" content=\"Gesch\u00e4tzte Lesezeit\" \/>\n\t<meta name=\"twitter:data1\" content=\"17\u00a0Minuten\" \/>\n<script type=\"application\/ld+json\" class=\"yoast-schema-graph\">{\"@context\":\"https:\\\/\\\/schema.org\",\"@graph\":[{\"@type\":\"WebPage\",\"@id\":\"https:\\\/\\\/www.st-anna.eu\\\/de\\\/grundschule-eggenberg-in-icking\\\/\",\"url\":\"https:\\\/\\\/www.st-anna.eu\\\/de\\\/grundschule-eggenberg-in-icking\\\/\",\"name\":\"Grundschule Eggenberg \u2013 Private Grundschule in Icking\",\"isPartOf\":{\"@id\":\"https:\\\/\\\/www.st-anna.eu\\\/de\\\/#website\"},\"primaryImageOfPage\":{\"@id\":\"https:\\\/\\\/www.st-anna.eu\\\/de\\\/grundschule-eggenberg-in-icking\\\/#primaryimage\"},\"image\":{\"@id\":\"https:\\\/\\\/www.st-anna.eu\\\/de\\\/grundschule-eggenberg-in-icking\\\/#primaryimage\"},\"thumbnailUrl\":\"https:\\\/\\\/www.st-anna.eu\\\/wp-content\\\/uploads\\\/2022\\\/10\\\/0_Grundschule_Vorlesen.jpg\",\"datePublished\":\"2026-03-02T11:14:58+00:00\",\"dateModified\":\"2026-04-17T07:59:55+00:00\",\"description\":\"Lernen kann Freude machen. Die 60 Sch\u00fcler der Grundschule Eggenberg in Icking erleben das t\u00e4glich neu. Kleine Klassen, gro\u00dfe Wirkung!\",\"breadcrumb\":{\"@id\":\"https:\\\/\\\/www.st-anna.eu\\\/de\\\/grundschule-eggenberg-in-icking\\\/#breadcrumb\"},\"inLanguage\":\"de\",\"potentialAction\":[{\"@type\":\"ReadAction\",\"target\":[\"https:\\\/\\\/www.st-anna.eu\\\/de\\\/grundschule-eggenberg-in-icking\\\/\"]}]},{\"@type\":\"ImageObject\",\"inLanguage\":\"de\",\"@id\":\"https:\\\/\\\/www.st-anna.eu\\\/de\\\/grundschule-eggenberg-in-icking\\\/#primaryimage\",\"url\":\"https:\\\/\\\/www.st-anna.eu\\\/wp-content\\\/uploads\\\/2022\\\/10\\\/0_Grundschule_Vorlesen.jpg\",\"contentUrl\":\"https:\\\/\\\/www.st-anna.eu\\\/wp-content\\\/uploads\\\/2022\\\/10\\\/0_Grundschule_Vorlesen.jpg\",\"width\":1980,\"height\":1320},{\"@type\":\"BreadcrumbList\",\"@id\":\"https:\\\/\\\/www.st-anna.eu\\\/de\\\/grundschule-eggenberg-in-icking\\\/#breadcrumb\",\"itemListElement\":[{\"@type\":\"ListItem\",\"position\":1,\"name\":\"Startseite\",\"item\":\"https:\\\/\\\/www.st-anna.eu\\\/de\\\/\"},{\"@type\":\"ListItem\",\"position\":2,\"name\":\"Grundschule Eggenberg\"}]},{\"@type\":\"WebSite\",\"@id\":\"https:\\\/\\\/www.st-anna.eu\\\/de\\\/#website\",\"url\":\"https:\\\/\\\/www.st-anna.eu\\\/de\\\/\",\"name\":\"St. Anna Colleg\",\"description\":\"Privatschulen im S\u00fcden von M\u00fcnchen \u2013 Grundschule und Gymnasium Eggenberg\",\"publisher\":{\"@id\":\"https:\\\/\\\/www.st-anna.eu\\\/de\\\/#organization\"},\"potentialAction\":[{\"@type\":\"SearchAction\",\"target\":{\"@type\":\"EntryPoint\",\"urlTemplate\":\"https:\\\/\\\/www.st-anna.eu\\\/de\\\/?s={search_term_string}\"},\"query-input\":{\"@type\":\"PropertyValueSpecification\",\"valueRequired\":true,\"valueName\":\"search_term_string\"}}],\"inLanguage\":\"de\"},{\"@type\":\"Organization\",\"@id\":\"https:\\\/\\\/www.st-anna.eu\\\/de\\\/#organization\",\"name\":\"St. Anna Colleg gemeinn\u00fctzige GmbH\",\"alternateName\":\"St. Anna Colleg\",\"url\":\"https:\\\/\\\/www.st-anna.eu\\\/de\\\/\",\"logo\":{\"@type\":\"ImageObject\",\"inLanguage\":\"de\",\"@id\":\"https:\\\/\\\/www.st-anna.eu\\\/de\\\/#\\\/schema\\\/logo\\\/image\\\/\",\"url\":\"https:\\\/\\\/www.st-anna.eu\\\/wp-content\\\/uploads\\\/2021\\\/09\\\/cropped-Logo.png\",\"contentUrl\":\"https:\\\/\\\/www.st-anna.eu\\\/wp-content\\\/uploads\\\/2021\\\/09\\\/cropped-Logo.png\",\"width\":512,\"height\":512,\"caption\":\"St. Anna Colleg gemeinn\u00fctzige GmbH\"},\"image\":{\"@id\":\"https:\\\/\\\/www.st-anna.eu\\\/de\\\/#\\\/schema\\\/logo\\\/image\\\/\"}}]}<\/script>\n<!-- \/ Yoast SEO plugin. -->","yoast_head_json":{"title":"Grundschule Eggenberg \u2013 Private Grundschule in Icking","description":"Lernen kann Freude machen. Die 60 Sch\u00fcler der Grundschule Eggenberg in Icking erleben das t\u00e4glich neu. Kleine Klassen, gro\u00dfe Wirkung!","robots":{"index":"index","follow":"follow","max-snippet":"max-snippet:-1","max-image-preview":"max-image-preview:large","max-video-preview":"max-video-preview:-1"},"canonical":"https:\/\/www.st-anna.eu\/de\/grundschule-eggenberg-in-icking\/","og_locale":"de_DE","og_type":"article","og_title":"Grundschule Eggenberg \u2013 Private Grundschule in Icking","og_description":"Lernen kann Freude machen. Die 60 Sch\u00fcler der Grundschule Eggenberg in Icking erleben das t\u00e4glich neu. Kleine Klassen, gro\u00dfe Wirkung!","og_url":"https:\/\/www.st-anna.eu\/de\/grundschule-eggenberg-in-icking\/","og_site_name":"St. Anna Colleg","article_modified_time":"2026-04-17T07:59:55+00:00","og_image":[{"width":1980,"height":1320,"url":"https:\/\/www.st-anna.eu\/wp-content\/uploads\/2022\/10\/0_Grundschule_Vorlesen.jpg","type":"image\/jpeg"}],"twitter_card":"summary_large_image","twitter_misc":{"Gesch\u00e4tzte Lesezeit":"17\u00a0Minuten"},"schema":{"@context":"https:\/\/schema.org","@graph":[{"@type":"WebPage","@id":"https:\/\/www.st-anna.eu\/de\/grundschule-eggenberg-in-icking\/","url":"https:\/\/www.st-anna.eu\/de\/grundschule-eggenberg-in-icking\/","name":"Grundschule Eggenberg \u2013 Private Grundschule in Icking","isPartOf":{"@id":"https:\/\/www.st-anna.eu\/de\/#website"},"primaryImageOfPage":{"@id":"https:\/\/www.st-anna.eu\/de\/grundschule-eggenberg-in-icking\/#primaryimage"},"image":{"@id":"https:\/\/www.st-anna.eu\/de\/grundschule-eggenberg-in-icking\/#primaryimage"},"thumbnailUrl":"https:\/\/www.st-anna.eu\/wp-content\/uploads\/2022\/10\/0_Grundschule_Vorlesen.jpg","datePublished":"2026-03-02T11:14:58+00:00","dateModified":"2026-04-17T07:59:55+00:00","description":"Lernen kann Freude machen. Die 60 Sch\u00fcler der Grundschule Eggenberg in Icking erleben das t\u00e4glich neu. Kleine Klassen, gro\u00dfe Wirkung!","breadcrumb":{"@id":"https:\/\/www.st-anna.eu\/de\/grundschule-eggenberg-in-icking\/#breadcrumb"},"inLanguage":"de","potentialAction":[{"@type":"ReadAction","target":["https:\/\/www.st-anna.eu\/de\/grundschule-eggenberg-in-icking\/"]}]},{"@type":"ImageObject","inLanguage":"de","@id":"https:\/\/www.st-anna.eu\/de\/grundschule-eggenberg-in-icking\/#primaryimage","url":"https:\/\/www.st-anna.eu\/wp-content\/uploads\/2022\/10\/0_Grundschule_Vorlesen.jpg","contentUrl":"https:\/\/www.st-anna.eu\/wp-content\/uploads\/2022\/10\/0_Grundschule_Vorlesen.jpg","width":1980,"height":1320},{"@type":"BreadcrumbList","@id":"https:\/\/www.st-anna.eu\/de\/grundschule-eggenberg-in-icking\/#breadcrumb","itemListElement":[{"@type":"ListItem","position":1,"name":"Startseite","item":"https:\/\/www.st-anna.eu\/de\/"},{"@type":"ListItem","position":2,"name":"Grundschule Eggenberg"}]},{"@type":"WebSite","@id":"https:\/\/www.st-anna.eu\/de\/#website","url":"https:\/\/www.st-anna.eu\/de\/","name":"St. Anna Colleg","description":"Privatschulen im S\u00fcden von M\u00fcnchen \u2013 Grundschule und Gymnasium Eggenberg","publisher":{"@id":"https:\/\/www.st-anna.eu\/de\/#organization"},"potentialAction":[{"@type":"SearchAction","target":{"@type":"EntryPoint","urlTemplate":"https:\/\/www.st-anna.eu\/de\/?s={search_term_string}"},"query-input":{"@type":"PropertyValueSpecification","valueRequired":true,"valueName":"search_term_string"}}],"inLanguage":"de"},{"@type":"Organization","@id":"https:\/\/www.st-anna.eu\/de\/#organization","name":"St. Anna Colleg gemeinn\u00fctzige GmbH","alternateName":"St. Anna Colleg","url":"https:\/\/www.st-anna.eu\/de\/","logo":{"@type":"ImageObject","inLanguage":"de","@id":"https:\/\/www.st-anna.eu\/de\/#\/schema\/logo\/image\/","url":"https:\/\/www.st-anna.eu\/wp-content\/uploads\/2021\/09\/cropped-Logo.png","contentUrl":"https:\/\/www.st-anna.eu\/wp-content\/uploads\/2021\/09\/cropped-Logo.png","width":512,"height":512,"caption":"St. Anna Colleg gemeinn\u00fctzige GmbH"},"image":{"@id":"https:\/\/www.st-anna.eu\/de\/#\/schema\/logo\/image\/"}}]}},"_links":{"self":[{"href":"https:\/\/www.st-anna.eu\/de\/wp-json\/wp\/v2\/pages\/511","targetHints":{"allow":["GET"]}}],"collection":[{"href":"https:\/\/www.st-anna.eu\/de\/wp-json\/wp\/v2\/pages"}],"about":[{"href":"https:\/\/www.st-anna.eu\/de\/wp-json\/wp\/v2\/types\/page"}],"author":[{"embeddable":true,"href":"https:\/\/www.st-anna.eu\/de\/wp-json\/wp\/v2\/users\/1"}],"replies":[{"embeddable":true,"href":"https:\/\/www.st-anna.eu\/de\/wp-json\/wp\/v2\/comments?post=511"}],"version-history":[{"count":13,"href":"https:\/\/www.st-anna.eu\/de\/wp-json\/wp\/v2\/pages\/511\/revisions"}],"predecessor-version":[{"id":9286,"href":"https:\/\/www.st-anna.eu\/de\/wp-json\/wp\/v2\/pages\/511\/revisions\/9286"}],"wp:featuredmedia":[{"embeddable":true,"href":"https:\/\/www.st-anna.eu\/de\/wp-json\/wp\/v2\/media\/6176"}],"wp:attachment":[{"href":"https:\/\/www.st-anna.eu\/de\/wp-json\/wp\/v2\/media?parent=511"}],"curies":[{"name":"wp","href":"https:\/\/api.w.org\/{rel}","templated":true}]}}