{"id":784,"date":"2020-06-30T23:35:18","date_gmt":"2020-06-30T21:35:18","guid":{"rendered":"https:\/\/www.st-anna.eu\/?page_id=784"},"modified":"2026-01-02T12:34:14","modified_gmt":"2026-01-02T11:34:14","slug":"team-kontakt","status":"publish","type":"page","link":"https:\/\/www.st-anna.eu\/de\/grundschule-eggenberg-in-icking\/team-kontakt\/","title":{"rendered":"Grundschule &#8211; Team &#038; Kontakt"},"content":{"rendered":"<p><div class=\"fusion-fullwidth fullwidth-box fusion-builder-row-1 fusion-flex-container hundred-percent-fullwidth non-hundred-percent-height-scrolling fusion-no-small-visibility sub-site-container gradient-container-1\" style=\"--awb-background-position:center top;--awb-border-radius-top-left:0px;--awb-border-radius-top-right:0px;--awb-border-radius-bottom-right:0px;--awb-border-radius-bottom-left:0px;--awb-padding-top:0px;--awb-padding-right:0px;--awb-padding-bottom:0px;--awb-padding-left:0px;--awb-flex-wrap:wrap;\" ><div class=\"fusion-builder-row fusion-row fusion-flex-align-items-flex-start fusion-flex-content-wrap\" style=\"width:calc( 100% + 0px ) !important;max-width:calc( 100% + 0px ) !important;margin-left: calc(-0px \/ 2 );margin-right: calc(-0px \/ 2 );\"><div class=\"fusion-layout-column fusion_builder_column fusion-builder-column-0 fusion_builder_column_1_1 1_1 fusion-flex-column sub-sites-content-column\" style=\"--awb-padding-top:90px;--awb-padding-bottom:40px;--awb-padding-left:80px;--awb-bg-color:rgba(255,255,255,0.9);--awb-bg-color-hover:rgba(255,255,255,0.9);--awb-bg-size:cover;--awb-width-large:100%;--awb-margin-top-large:0px;--awb-spacing-right-large:0px;--awb-margin-bottom-large:0px;--awb-spacing-left-large:0px;--awb-width-medium:100%;--awb-order-medium:0;--awb-spacing-right-medium:0px;--awb-spacing-left-medium:0px;--awb-width-small:100%;--awb-order-small:0;--awb-spacing-right-small:0px;--awb-spacing-left-small:0px;\"><div class=\"fusion-column-wrapper fusion-column-has-shadow fusion-flex-justify-content-center fusion-content-layout-column\"><div class=\"fusion-builder-row fusion-builder-row-inner fusion-row fusion-flex-align-items-flex-start fusion-flex-content-wrap\" style=\"--awb-flex-grow:0;--awb-flex-grow-medium:0;--awb-flex-grow-small:0;--awb-flex-shrink:0;--awb-flex-shrink-medium:0;--awb-flex-shrink-small:0;width:calc( 100% + 0px ) !important;max-width:calc( 100% + 0px ) !important;margin-left: calc(-0px \/ 2 );margin-right: calc(-0px \/ 2 );\"><div class=\"fusion-layout-column fusion_builder_column_inner fusion-builder-nested-column-0 fusion_builder_column_inner_1_1 1_1 fusion-flex-column seiten-menu \" style=\"--awb-bg-size:cover;--awb-width-large:100%;--awb-margin-top-large:0px;--awb-spacing-right-large:0px;--awb-margin-bottom-large:0px;--awb-spacing-left-large:0px;--awb-width-medium:100%;--awb-spacing-right-medium:0px;--awb-spacing-left-medium:0px;--awb-width-small:100%;--awb-spacing-right-small:0px;--awb-spacing-left-small:0px;\"><div class=\"fusion-column-wrapper fusion-column-has-shadow fusion-flex-justify-content-flex-start fusion-content-layout-column\"><div class=\"fusion-widget fusion-widget-element fusion-widget-area fusion-content-widget-area wpWidget-1 seitenmenu-rwgrundschule fusion_widget_menu\" style=\"--awb-fusion-padding-color:5px 15px;--awb-fusion-border-size:0px;--awb-fusion-border-style:solid;\"><div class=\"widget menu\"><style type=\"text\/css\">#menu-widget-1{text-align:left;}#fusion-menu-widget-1 li{display:inline-block;}#fusion-menu-widget-1 ul li a{display:inline-block;padding:0;border:0;color:#000000;font-size:14px;}#fusion-menu-widget-1 ul li a:after{content:\"|\";color:#000000;padding-right:5px;padding-left:5px;font-size:14px;}#fusion-menu-widget-1 ul li a:hover,#fusion-menu-widget-1 ul .menu-item.current-menu-item a{color:#ffffff;}#fusion-menu-widget-1 ul li:last-child a:after{display:none;}#fusion-menu-widget-1 ul li .fusion-widget-cart-number{margin:0 7px;background-color:#ffffff;color:#000000;}#fusion-menu-widget-1 ul li.fusion-active-cart-icon .fusion-widget-cart-icon:after{color:#ffffff;}<\/style><nav id=\"fusion-menu-widget-1\" class=\"fusion-widget-menu\" aria-label=\"Secondary Navigation: \"><ul id=\"menu-sidebar-menue-grundschule\" class=\"menu\"><li id=\"menu-item-4035\" class=\"menu-item menu-item-type-post_type menu-item-object-page menu-item-4035\"><a href=\"https:\/\/www.st-anna.eu\/de\/grundschule-eggenberg-in-icking\/vormittag\/\">Vormittag<\/a><\/li><li id=\"menu-item-1642\" class=\"menu-item menu-item-type-post_type menu-item-object-page menu-item-1642\"><a href=\"https:\/\/www.st-anna.eu\/de\/grundschule-eggenberg-in-icking\/nachmittag\/\">Nachmittag<\/a><\/li><li id=\"menu-item-4452\" class=\"menu-item menu-item-type-post_type menu-item-object-page menu-item-4452\"><a href=\"https:\/\/www.st-anna.eu\/de\/grundschule-eggenberg-in-icking\/schulkleidung\/\">Schulkleidung<\/a><\/li><li id=\"menu-item-1644\" class=\"menu-item menu-item-type-post_type menu-item-object-page menu-item-1644\"><a href=\"https:\/\/www.st-anna.eu\/de\/grundschule-eggenberg-in-icking\/team-kontakt\/\">Team &#038; Kontakt<\/a><\/li><\/ul><\/nav><\/div><\/div><\/div><\/div><div class=\"fusion-layout-column fusion_builder_column_inner fusion-builder-nested-column-1 fusion_builder_column_inner_1_1 1_1 fusion-flex-column\" style=\"--awb-padding-left:20px;--awb-bg-size:cover;--awb-width-large:100%;--awb-margin-top-large:0px;--awb-spacing-right-large:0px;--awb-margin-bottom-large:20px;--awb-spacing-left-large:0px;--awb-width-medium:100%;--awb-order-medium:0;--awb-spacing-right-medium:0px;--awb-spacing-left-medium:0px;--awb-width-small:100%;--awb-order-small:0;--awb-spacing-right-small:0px;--awb-spacing-left-small:0px;\"><div class=\"fusion-column-wrapper fusion-column-has-shadow fusion-flex-justify-content-flex-start fusion-content-layout-column\"><div class=\"fusion-widget fusion-widget-element fusion-widget-area fusion-content-widget-area wpWidget-2 fusion_widget_menu\" style=\"--awb-fusion-border-size:0px;--awb-fusion-border-style:solid;\"><div class=\"widget menu\"><style type=\"text\/css\">#menu-widget-2{text-align:left;}#fusion-menu-widget-2 li{display:inline-block;}#fusion-menu-widget-2 ul li a{display:inline-block;padding:0;border:0;color:#37390e;font-size:14px;}#fusion-menu-widget-2 ul li a:after{content:\"|\";color:#37390e;padding-right:5px;padding-left:5px;font-size:14px;}#fusion-menu-widget-2 ul li a:hover,#fusion-menu-widget-2 ul .menu-item.current-menu-item a{color:#bebd27;}#fusion-menu-widget-2 ul li:last-child a:after{display:none;}#fusion-menu-widget-2 ul li .fusion-widget-cart-number{margin:0 7px;background-color:#bebd27;color:#37390e;}#fusion-menu-widget-2 ul li.fusion-active-cart-icon .fusion-widget-cart-icon:after{color:#bebd27;}<\/style><nav id=\"fusion-menu-widget-2\" class=\"fusion-widget-menu\" aria-label=\"Secondary Navigation: \"><\/nav><\/div><\/div><\/div><\/div><div class=\"fusion-layout-column fusion_builder_column_inner fusion-builder-nested-column-2 fusion_builder_column_inner_1_1 1_1 fusion-flex-column\" style=\"--awb-bg-size:cover;--awb-width-large:100%;--awb-margin-top-large:0px;--awb-spacing-right-large:0px;--awb-margin-bottom-large:20px;--awb-spacing-left-large:0px;--awb-width-medium:100%;--awb-spacing-right-medium:0px;--awb-spacing-left-medium:0px;--awb-width-small:100%;--awb-spacing-right-small:0px;--awb-spacing-left-small:0px;\"><div class=\"fusion-column-wrapper fusion-column-has-shadow fusion-flex-justify-content-flex-start fusion-content-layout-column\"><div class=\"fusion-title title fusion-title-1 fusion-sep-none fusion-title-text fusion-title-size-one\" style=\"--awb-margin-top-small:10px;--awb-margin-bottom-small:10px;\"><h1 class=\"fusion-title-heading title-heading-left\" style=\"margin:0;\"><h1>Lehren ist Teamarbeit<\/h1><\/h1><\/div><\/div><\/div><div class=\"fusion-layout-column fusion_builder_column_inner fusion-builder-nested-column-3 fusion_builder_column_inner_1_1 1_1 fusion-flex-column\" style=\"--awb-padding-right:30px;--awb-padding-left:20px;--awb-bg-size:cover;--awb-width-large:100%;--awb-margin-top-large:0px;--awb-spacing-right-large:0px;--awb-margin-bottom-large:20px;--awb-spacing-left-large:0px;--awb-width-medium:100%;--awb-spacing-right-medium:0px;--awb-spacing-left-medium:0px;--awb-width-small:100%;--awb-spacing-right-small:0px;--awb-spacing-left-small:0px;\"><div class=\"fusion-column-wrapper fusion-column-has-shadow fusion-flex-justify-content-flex-start fusion-content-layout-column\"><div class=\"fusion-text fusion-text-1\"><p>Ein gelungener Schultag ist sch\u00f6n, macht aber viel Arbeit. Und die klappt im Team bekanntlich am besten. Die Sch\u00fcler unserer Grundschule werden von einem erfahrenen Team aus\u00a0 Lehrern und\u00a0 P\u00e4dagogen begleitet. Dieses Miteinander ist Grundlage unserer Arbeit. W\u00f6chentlich finden dazu im Kollegium Besprechungen und Konferenzen statt.<\/p>\n<\/div><div class=\"accordian fusion-accordian\" style=\"--awb-border-size:1px;--awb-icon-size:22px;--awb-content-font-size:16.5px;--awb-icon-alignment:left;--awb-hover-color:#f9f9fb;--awb-border-color:#e2e2e2;--awb-background-color:#ffffff;--awb-divider-color:#e2e2e2;--awb-divider-hover-color:#e2e2e2;--awb-icon-color:#212934;--awb-title-color:#9aac0c;--awb-content-color:#37390a;--awb-icon-box-color:#212934;--awb-toggle-hover-accent-color:#e66e0a;--awb-title-font-family:&quot;Merriweather Sans&quot;;--awb-title-font-weight:400;--awb-title-font-style:normal;--awb-content-font-family:&quot;Assistant&quot;;--awb-content-font-style:normal;--awb-content-font-weight:400;\"><div class=\"panel-group fusion-toggle-icon-unboxed\" id=\"accordion-784-1\"><div class=\"fusion-panel panel-default panel-44b5d3d5cec33b6ef fusion-toggle-has-divider\" style=\"--awb-title-color:#9aac0c;--awb-content-color:#37390a;\"><div class=\"panel-heading\"><h4 class=\"panel-title toggle\" id=\"toggle_44b5d3d5cec33b6ef\"><a aria-expanded=\"false\" aria-controls=\"44b5d3d5cec33b6ef\" role=\"button\" data-toggle=\"collapse\" data-target=\"#44b5d3d5cec33b6ef\" href=\"#44b5d3d5cec33b6ef\"><span class=\"fusion-toggle-icon-wrapper\" aria-hidden=\"true\"><i class=\"fa-fusion-box active-icon awb-icon-minus\" aria-hidden=\"true\"><\/i><i class=\"fa-fusion-box inactive-icon awb-icon-plus\" aria-hidden=\"true\"><\/i><\/span><span class=\"fusion-toggle-heading\">Sprechstunden<\/span><\/a><\/h4><\/div><div id=\"44b5d3d5cec33b6ef\" class=\"panel-collapse collapse \" aria-labelledby=\"toggle_44b5d3d5cec33b6ef\"><div class=\"panel-body toggle-content fusion-clearfix\">\n<p>F\u00fcr Ihre Fragen steht Ihnen das Team der Klassenleitung in Sprechstunden gerne zur Verf\u00fcgung. F\u00fcr die Terminvereinbarung wenden Sie sich bitte an das Schulsekretariat.<\/p>\n<\/div><\/div><\/div><div class=\"fusion-panel panel-default panel-8c41247eedb3defd7 fusion-toggle-has-divider\" style=\"--awb-title-color:#9aac0c;--awb-content-color:#37390a;\"><div class=\"panel-heading\"><h4 class=\"panel-title toggle\" id=\"toggle_8c41247eedb3defd7\"><a aria-expanded=\"false\" aria-controls=\"8c41247eedb3defd7\" role=\"button\" data-toggle=\"collapse\" data-target=\"#8c41247eedb3defd7\" href=\"#8c41247eedb3defd7\"><span class=\"fusion-toggle-icon-wrapper\" aria-hidden=\"true\"><i class=\"fa-fusion-box active-icon awb-icon-minus\" aria-hidden=\"true\"><\/i><i class=\"fa-fusion-box inactive-icon awb-icon-plus\" aria-hidden=\"true\"><\/i><\/span><span class=\"fusion-toggle-heading\">Schulsekretariat<\/span><\/a><\/h4><\/div><div id=\"8c41247eedb3defd7\" class=\"panel-collapse collapse \" aria-labelledby=\"toggle_8c41247eedb3defd7\"><div class=\"panel-body toggle-content fusion-clearfix\">\n<p><span style=\"font-size: 11pt;\"><strong>\u00d6ffnungszeiten:<\/strong><\/span><\/p>\n<p><span style=\"font-size: 11pt;\">An Schultagen:<\/span><br \/>\n<span style=\"font-size: 11pt;\">Montag \u2013 Donnerstag: 8:00 \u2013 16:15 Uhr<\/span><br \/>\n<span style=\"font-size: 11pt;\">Freitag: 8:00 \u2013 14:30 Uhr<\/span><\/p>\n<p><span style=\"font-size: 11pt;\">In den Ferien:<\/span><br \/>\n<span style=\"font-size: 11pt;\">Montag \u2013 Freitag: 9:00 \u2013 13:00 Uhr<\/span><\/p>\n<p><span style=\"font-size: 11pt;\"><strong>Kontakt:<\/strong><\/span><\/p>\n<p><span style=\"font-size: 11pt;\">Telefon:\u00a0<a href=\"callto:0817890940\">08178-90 94 0<\/a><\/span><br \/>\n<span style=\"font-size: 11pt;\">Email:\u00a0<a href=\"mailto:grundschule@st-anna.eu\">grundschule@st-anna.eu<\/a><\/span><\/p>\n<p><span style=\"font-size: 11pt;\">Adresse: Zeller Weg 27, 82057 Icking<\/span><br \/>\n<span style=\"font-size: 11pt;\"><a href=\"https:\/\/www.google.com\/maps\/dir\/?api=1&amp;destination=Gymnasium+Eggenberg+im+St.+Anna+Colleg\">Anfahrt<\/a><\/span><\/p>\n<\/div><\/div><\/div><div class=\"fusion-panel panel-default panel-0e744d6ebf5ce5107 fusion-toggle-has-divider\" style=\"--awb-title-color:#9aac0c;--awb-content-color:#37390a;\"><div class=\"panel-heading\"><h4 class=\"panel-title toggle\" id=\"toggle_0e744d6ebf5ce5107\"><a aria-expanded=\"false\" aria-controls=\"0e744d6ebf5ce5107\" role=\"button\" data-toggle=\"collapse\" data-target=\"#0e744d6ebf5ce5107\" href=\"#0e744d6ebf5ce5107\"><span class=\"fusion-toggle-icon-wrapper\" aria-hidden=\"true\"><i class=\"fa-fusion-box active-icon awb-icon-minus\" aria-hidden=\"true\"><\/i><i class=\"fa-fusion-box inactive-icon awb-icon-plus\" aria-hidden=\"true\"><\/i><\/span><span class=\"fusion-toggle-heading\">Leitung<\/span><\/a><\/h4><\/div><div id=\"0e744d6ebf5ce5107\" class=\"panel-collapse collapse \" aria-labelledby=\"toggle_0e744d6ebf5ce5107\"><div class=\"panel-body toggle-content fusion-clearfix\">\n<table style=\"border-collapse: collapse; width: 70.8223%; height: 202px;\">\n<tbody>\n<tr style=\"height: 96px;\">\n<td style=\"width: 8.55381%; vertical-align: bottom; height: 96px;\">\u00a0<\/td>\n<td style=\"width: 35.6567%; height: 96px; text-align: left; vertical-align: middle;\"><img decoding=\"async\" class=\"lazyload alignnone wp-image-6800 size-medium\" src=\"https:\/\/www.st-anna.eu\/wp-content\/uploads\/2023\/04\/BaCo-300x300.jpg\" data-orig-src=\"https:\/\/www.st-anna.eu\/wp-content\/uploads\/2023\/04\/BaCo-300x300.jpg\" alt=\"\" width=\"300\" height=\"300\" srcset=\"data:image\/svg+xml,%3Csvg%20xmlns%3D%27http%3A%2F%2Fwww.w3.org%2F2000%2Fsvg%27%20width%3D%27300%27%20height%3D%27300%27%20viewBox%3D%270%200%20300%20300%27%3E%3Crect%20width%3D%27300%27%20height%3D%27300%27%20fill-opacity%3D%220%22%2F%3E%3C%2Fsvg%3E\" data-srcset=\"https:\/\/www.st-anna.eu\/wp-content\/uploads\/2023\/04\/BaCo-66x66.jpg 66w, https:\/\/www.st-anna.eu\/wp-content\/uploads\/2023\/04\/BaCo-150x150.jpg 150w, https:\/\/www.st-anna.eu\/wp-content\/uploads\/2023\/04\/BaCo-200x200.jpg 200w, https:\/\/www.st-anna.eu\/wp-content\/uploads\/2023\/04\/BaCo-300x300.jpg 300w, https:\/\/www.st-anna.eu\/wp-content\/uploads\/2023\/04\/BaCo-320x320.jpg 320w, https:\/\/www.st-anna.eu\/wp-content\/uploads\/2023\/04\/BaCo-400x400.jpg 400w, https:\/\/www.st-anna.eu\/wp-content\/uploads\/2023\/04\/BaCo.jpg 600w\" data-sizes=\"auto\" data-orig-sizes=\"(max-width: 300px) 100vw, 300px\" \/><\/td>\n<td style=\"width: 3.56734%; vertical-align: bottom; height: 96px;\">\u00a0<\/td>\n<td style=\"width: 48.5245%; vertical-align: bottom; height: 96px;\">Barbara Coenen<br \/>\nSchulleitung<br \/>\nGrundschule Eggenberg<br \/>\nseit 2006 im St. Anna Colleg<\/td>\n<\/tr>\n<tr style=\"height: 24px;\">\n<td style=\"width: 8.55381%; vertical-align: bottom; height: 10px;\">\u00a0<\/td>\n<td style=\"width: 35.6567%; vertical-align: bottom; height: 10px;\">\u00a0<\/td>\n<td style=\"width: 3.56734%; vertical-align: bottom; height: 10px;\">\u00a0<\/td>\n<td style=\"width: 48.5245%; vertical-align: bottom; height: 10px;\">\u00a0<\/td>\n<\/tr>\n<tr style=\"height: 96px;\">\n<td style=\"width: 8.55381%; vertical-align: bottom; height: 96px;\">\u00a0<\/td>\n<td style=\"width: 35.6567%; vertical-align: bottom; height: 96px;\"><img decoding=\"async\" class=\"lazyload alignnone wp-image-6806\" src=\"https:\/\/www.st-anna.eu\/wp-content\/uploads\/2022\/11\/KaBe-2-400x400.jpg\" data-orig-src=\"https:\/\/www.st-anna.eu\/wp-content\/uploads\/2022\/11\/KaBe-2-400x400.jpg\" alt=\"\" width=\"500\" height=\"500\" srcset=\"data:image\/svg+xml,%3Csvg%20xmlns%3D%27http%3A%2F%2Fwww.w3.org%2F2000%2Fsvg%27%20width%3D%27500%27%20height%3D%27500%27%20viewBox%3D%270%200%20500%20500%27%3E%3Crect%20width%3D%27500%27%20height%3D%27500%27%20fill-opacity%3D%220%22%2F%3E%3C%2Fsvg%3E\" data-srcset=\"https:\/\/www.st-anna.eu\/wp-content\/uploads\/2022\/11\/KaBe-2-66x66.jpg 66w, https:\/\/www.st-anna.eu\/wp-content\/uploads\/2022\/11\/KaBe-2-150x150.jpg 150w, https:\/\/www.st-anna.eu\/wp-content\/uploads\/2022\/11\/KaBe-2-200x200.jpg 200w, https:\/\/www.st-anna.eu\/wp-content\/uploads\/2022\/11\/KaBe-2-300x300.jpg 300w, https:\/\/www.st-anna.eu\/wp-content\/uploads\/2022\/11\/KaBe-2-400x400.jpg 400w, https:\/\/www.st-anna.eu\/wp-content\/uploads\/2022\/11\/KaBe-2.jpg 600w\" data-sizes=\"auto\" data-orig-sizes=\"(max-width: 500px) 100vw, 500px\" \/><\/td>\n<td style=\"width: 3.56734%; vertical-align: bottom; height: 96px;\">\u00a0<\/td>\n<td style=\"width: 48.5245%; vertical-align: bottom; height: 96px;\">Karola Beermann<br \/>\nStellvertretende Schulleitung<br \/>\nGrundschule Eggenberg<br \/>\nseit 1993 im St. Anna Colleg<\/td>\n<\/tr>\n<\/tbody>\n<\/table>\n<\/div><\/div><\/div><\/div><\/div><div class=\"fusion-separator fusion-full-width-sep\" style=\"align-self: center;margin-left: auto;margin-right: auto;width:100%;\"><\/div><div class=\"fusion-text fusion-text-2\"><p>&nbsp;<\/p>\n<p><a href=\"https:\/\/www.st-anna.eu\/de\/ueber-den-schulverbund\/stellenangebote\/\" target=\"_blank\" rel=\"noopener\">Stellenangebote<\/a><\/p>\n<\/div><\/div><\/div><\/div><\/div><\/div><\/div><\/div><div class=\"fusion-fullwidth fullwidth-box fusion-builder-row-2 fusion-flex-container hundred-percent-fullwidth hundred-percent-height non-hundred-percent-height-scrolling fusion-no-medium-visibility fusion-no-large-visibility gradient-container-2\" style=\"--awb-border-radius-top-left:0px;--awb-border-radius-top-right:0px;--awb-border-radius-bottom-right:0px;--awb-border-radius-bottom-left:0px;--awb-padding-top:0px;--awb-padding-right:0px;--awb-padding-left:0px;--awb-margin-top:0px;--awb-margin-bottom:0px;--awb-background-color:#ffffff;--awb-flex-wrap:wrap;\" ><div class=\"fusion-builder-row fusion-row fusion-flex-align-items-flex-start fusion-flex-content-wrap\" style=\"width:104% !important;max-width:104% !important;margin-left: calc(-4% \/ 2 );margin-right: calc(-4% \/ 2 );\"><div class=\"fusion-layout-column fusion_builder_column fusion-builder-column-1 fusion_builder_column_1_1 1_1 fusion-flex-column fusion-no-medium-visibility fusion-no-large-visibility mobile-fixed-top-image-column\" style=\"--awb-padding-top:40px;--awb-bg-color:rgba(255,255,255,0.84);--awb-bg-color-hover:rgba(255,255,255,0.84);--awb-bg-size:cover;--awb-width-large:100%;--awb-margin-top-large:0px;--awb-spacing-right-large:1.92%;--awb-margin-bottom-large:0px;--awb-spacing-left-large:1.92%;--awb-width-medium:100%;--awb-spacing-right-medium:1.92%;--awb-spacing-left-medium:1.92%;--awb-width-small:100%;--awb-spacing-right-small:1.92%;--awb-spacing-left-small:1.92%;\"><div class=\"fusion-column-wrapper fusion-column-has-shadow fusion-flex-justify-content-center fusion-content-layout-column\"><div class=\"fusion-image-element \" style=\"text-align:center;--awb-caption-title-font-family:var(--h2_typography-font-family);--awb-caption-title-font-weight:var(--h2_typography-font-weight);--awb-caption-title-font-style:var(--h2_typography-font-style);--awb-caption-title-size:var(--h2_typography-font-size);--awb-caption-title-transform:var(--h2_typography-text-transform);--awb-caption-title-line-height:var(--h2_typography-line-height);--awb-caption-title-letter-spacing:var(--h2_typography-letter-spacing);\"><span class=\" fusion-imageframe imageframe-none imageframe-1 hover-type-none\"><img decoding=\"async\" width=\"2560\" height=\"1707\" title=\"_JAN7400_ret_hd\" src=\"https:\/\/www.st-anna.eu\/wp-content\/uploads\/2021\/08\/JAN7400_ret_hd-scaled.jpg\" data-orig-src=\"https:\/\/www.st-anna.eu\/wp-content\/uploads\/2021\/08\/JAN7400_ret_hd-scaled.jpg\" alt class=\"lazyload img-responsive wp-image-4040\" srcset=\"data:image\/svg+xml,%3Csvg%20xmlns%3D%27http%3A%2F%2Fwww.w3.org%2F2000%2Fsvg%27%20width%3D%272560%27%20height%3D%271707%27%20viewBox%3D%270%200%202560%201707%27%3E%3Crect%20width%3D%272560%27%20height%3D%271707%27%20fill-opacity%3D%220%22%2F%3E%3C%2Fsvg%3E\" data-srcset=\"https:\/\/www.st-anna.eu\/wp-content\/uploads\/2021\/08\/JAN7400_ret_hd-200x133.jpg 200w, https:\/\/www.st-anna.eu\/wp-content\/uploads\/2021\/08\/JAN7400_ret_hd-400x267.jpg 400w, https:\/\/www.st-anna.eu\/wp-content\/uploads\/2021\/08\/JAN7400_ret_hd-600x400.jpg 600w, https:\/\/www.st-anna.eu\/wp-content\/uploads\/2021\/08\/JAN7400_ret_hd-800x533.jpg 800w, https:\/\/www.st-anna.eu\/wp-content\/uploads\/2021\/08\/JAN7400_ret_hd-1200x800.jpg 1200w, https:\/\/www.st-anna.eu\/wp-content\/uploads\/2021\/08\/JAN7400_ret_hd-scaled.jpg 2560w\" data-sizes=\"auto\" data-orig-sizes=\"(max-width: 1200px) 100vw, (max-width: 835px) 100vw, 2560px\" \/><\/span><\/div><\/div><\/div><div class=\"fusion-layout-column fusion_builder_column fusion-builder-column-2 fusion_builder_column_1_1 1_1 fusion-flex-column mobile-text-under-top-image\" style=\"--awb-padding-right:15px;--awb-padding-bottom:60px;--awb-padding-left:15px;--awb-bg-size:cover;--awb-width-large:100%;--awb-margin-top-large:0px;--awb-spacing-right-large:1.92%;--awb-margin-bottom-large:0px;--awb-spacing-left-large:1.92%;--awb-width-medium:100%;--awb-spacing-right-medium:1.92%;--awb-spacing-left-medium:1.92%;--awb-width-small:100%;--awb-spacing-right-small:1.92%;--awb-spacing-left-small:1.92%;\"><div class=\"fusion-column-wrapper fusion-column-has-shadow fusion-flex-justify-content-flex-start fusion-content-layout-column\"><div class=\"fusion-widget fusion-widget-element fusion-widget-area fusion-content-widget-area wpWidget-3 seitenmenu-rwgrundschule fusion_widget_menu\" style=\"--awb-fusion-padding-color:5px 15px;--awb-fusion-border-size:0px;--awb-fusion-border-style:solid;\"><div class=\"widget menu\"><style type=\"text\/css\">#menu-widget-3{text-align:left;}#fusion-menu-widget-3 li{display:inline-block;}#fusion-menu-widget-3 ul li a{display:inline-block;padding:0;border:0;color:#000000;font-size:14px;}#fusion-menu-widget-3 ul li a:after{content:\"|\";color:#000000;padding-right:5px;padding-left:5px;font-size:14px;}#fusion-menu-widget-3 ul li a:hover,#fusion-menu-widget-3 ul .menu-item.current-menu-item a{color:#ffffff;}#fusion-menu-widget-3 ul li:last-child a:after{display:none;}#fusion-menu-widget-3 ul li .fusion-widget-cart-number{margin:0 7px;background-color:#ffffff;color:#000000;}#fusion-menu-widget-3 ul li.fusion-active-cart-icon .fusion-widget-cart-icon:after{color:#ffffff;}<\/style><nav id=\"fusion-menu-widget-3\" class=\"fusion-widget-menu\" aria-label=\"Secondary Navigation: \"><ul id=\"menu-sidebar-menue-grundschule-1\" class=\"menu\"><li class=\"menu-item menu-item-type-post_type menu-item-object-page menu-item-4035\"><a href=\"https:\/\/www.st-anna.eu\/de\/grundschule-eggenberg-in-icking\/vormittag\/\">Vormittag<\/a><\/li><li class=\"menu-item menu-item-type-post_type menu-item-object-page menu-item-1642\"><a href=\"https:\/\/www.st-anna.eu\/de\/grundschule-eggenberg-in-icking\/nachmittag\/\">Nachmittag<\/a><\/li><li class=\"menu-item menu-item-type-post_type menu-item-object-page menu-item-4452\"><a href=\"https:\/\/www.st-anna.eu\/de\/grundschule-eggenberg-in-icking\/schulkleidung\/\">Schulkleidung<\/a><\/li><li class=\"menu-item menu-item-type-post_type menu-item-object-page menu-item-1644\"><a href=\"https:\/\/www.st-anna.eu\/de\/grundschule-eggenberg-in-icking\/team-kontakt\/\">Team &#038; Kontakt<\/a><\/li><\/ul><\/nav><\/div><\/div><div class=\"fusion-widget fusion-widget-element fusion-widget-area fusion-content-widget-area wpWidget-4 second-side-menu fusion_widget_menu\" style=\"--awb-fusion-border-size:0px;--awb-fusion-border-style:solid;\"><div class=\"widget menu\"><style type=\"text\/css\">#menu-widget-4{text-align:left;}#fusion-menu-widget-4 li{display:inline-block;}#fusion-menu-widget-4 ul li a{display:inline-block;padding:0;border:0;color:#37390a;font-size:14px;}#fusion-menu-widget-4 ul li a:after{content:\"|\";color:#37390a;padding-right:5px;padding-left:5px;font-size:14px;}#fusion-menu-widget-4 ul li a:hover,#fusion-menu-widget-4 ul .menu-item.current-menu-item a{color:#fff;}#fusion-menu-widget-4 ul li:last-child a:after{display:none;}#fusion-menu-widget-4 ul li .fusion-widget-cart-number{margin:0 7px;background-color:#fff;color:#37390a;}#fusion-menu-widget-4 ul li.fusion-active-cart-icon .fusion-widget-cart-icon:after{color:#fff;}<\/style><nav id=\"fusion-menu-widget-4\" class=\"fusion-widget-menu\" aria-label=\"Secondary Navigation: \"><\/nav><\/div><\/div><div class=\"fusion-text fusion-text-3\"><h1 style=\"text-align: left; font-size: 18px;\">Lehren ist Teamarbeit<\/h1>\n<\/div><div class=\"fusion-text fusion-text-4\"><p style=\"font-size: 14px; text-align: left;\">Ein gelungener Schultag ist sch\u00f6n, macht aber viel Arbeit. Und die klappt im Team bekanntlich am besten. Die Sch\u00fcler unserer Grundschule werden von einem erfahrenen Team aus\u00a0 Lehrern und\u00a0 P\u00e4dagogen begleitet. Dieses Miteinander ist Grundlage unserer Arbeit. W\u00f6chentlich finden dazu im Kollegium Besprechungen und Konferenzen statt.<\/p>\n<\/div><div class=\"accordian fusion-accordian\" style=\"--awb-border-size:1px;--awb-icon-size:22px;--awb-content-font-size:16.5px;--awb-content-text-transform:var(--awb-typography1-text-transform);--awb-icon-alignment:left;--awb-hover-color:#f9f9fb;--awb-border-color:#e2e2e2;--awb-background-color:#ffffff;--awb-divider-color:#e2e2e2;--awb-divider-hover-color:#e2e2e2;--awb-icon-color:#212934;--awb-title-color:#9aac0c;--awb-content-color:#37390a;--awb-icon-box-color:#212934;--awb-toggle-hover-accent-color:#e66e0a;--awb-title-font-family:&quot;Merriweather Sans&quot;;--awb-title-font-weight:400;--awb-title-font-style:normal;--awb-title-text-transform:var(--awb-typography1-text-transform);--awb-content-font-family:&quot;Assistant&quot;;--awb-content-font-style:normal;--awb-content-font-weight:400;\"><div class=\"panel-group fusion-toggle-icon-unboxed\" id=\"accordion-784-2\"><div class=\"fusion-panel panel-default panel-be5054832082af59f fusion-toggle-has-divider\" style=\"--awb-title-color:#9aac0c;--awb-content-color:#37390a;\"><div class=\"panel-heading\"><h4 class=\"panel-title toggle\" id=\"toggle_be5054832082af59f\"><a aria-expanded=\"false\" aria-controls=\"be5054832082af59f\" role=\"button\" data-toggle=\"collapse\" data-parent=\"#accordion-784-2\" data-target=\"#be5054832082af59f\" href=\"#be5054832082af59f\"><span class=\"fusion-toggle-icon-wrapper\" aria-hidden=\"true\"><i class=\"fa-fusion-box active-icon awb-icon-minus\" aria-hidden=\"true\"><\/i><i class=\"fa-fusion-box inactive-icon awb-icon-plus\" aria-hidden=\"true\"><\/i><\/span><span class=\"fusion-toggle-heading\">Sprechstunden<\/span><\/a><\/h4><\/div><div id=\"be5054832082af59f\" class=\"panel-collapse collapse \" aria-labelledby=\"toggle_be5054832082af59f\"><div class=\"panel-body toggle-content fusion-clearfix\">\n<p><span style=\"font-size: 11pt;\">F\u00fcr Ihre Fragen steht Ihnen das Team der Klassenleitung in Sprechstunden gerne zur Verf\u00fcgung. F\u00fcr die Terminvereinbarung wenden Sie sich bitte an das Schulsekretariat.<\/span><\/p>\n<\/div><\/div><\/div><div class=\"fusion-panel panel-default panel-728ceaf32fb7edbe6 fusion-toggle-has-divider\" style=\"--awb-title-color:#9aac0c;--awb-content-color:#37390a;\"><div class=\"panel-heading\"><h4 class=\"panel-title toggle\" id=\"toggle_728ceaf32fb7edbe6\"><a aria-expanded=\"false\" aria-controls=\"728ceaf32fb7edbe6\" role=\"button\" data-toggle=\"collapse\" data-parent=\"#accordion-784-2\" data-target=\"#728ceaf32fb7edbe6\" href=\"#728ceaf32fb7edbe6\"><span class=\"fusion-toggle-icon-wrapper\" aria-hidden=\"true\"><i class=\"fa-fusion-box active-icon awb-icon-minus\" aria-hidden=\"true\"><\/i><i class=\"fa-fusion-box inactive-icon awb-icon-plus\" aria-hidden=\"true\"><\/i><\/span><span class=\"fusion-toggle-heading\">Schulsekretariat<\/span><\/a><\/h4><\/div><div id=\"728ceaf32fb7edbe6\" class=\"panel-collapse collapse \" aria-labelledby=\"toggle_728ceaf32fb7edbe6\"><div class=\"panel-body toggle-content fusion-clearfix\">\n<p><span style=\"font-size: 11pt;\"><strong>\u00d6ffnungszeiten:<\/strong><\/span><\/p>\n<p><span style=\"font-size: 11pt;\">An Schultagen:<\/span><br \/>\n<span style=\"font-size: 11pt;\">Montag \u2013 Donnerstag: 8:00 \u2013 16:15 Uhr<\/span><br \/>\n<span style=\"font-size: 11pt;\">Freitag: 8:00 \u2013 14:30 Uhr<\/span><\/p>\n<p><span style=\"font-size: 11pt;\">In den Ferien:<\/span><br \/>\n<span style=\"font-size: 11pt;\">Montag \u2013 Freitag: 9:00 \u2013 13:00 Uhr<\/span><\/p>\n<p><span style=\"font-size: 11pt;\"><strong>Kontakt:<\/strong><\/span><\/p>\n<p><span style=\"font-size: 11pt;\">Telefon:\u00a0<a href=\"callto:0817890940\">08178-90 94 0<\/a><\/span><br \/>\n<span style=\"font-size: 11pt;\">Email:\u00a0<a href=\"mailto:grundschule@st-anna.eu\">grundschule@st-anna.eu<\/a><\/span><\/p>\n<p><span style=\"font-size: 11pt;\">Adresse: Zeller Weg 27, 82057 Icking<\/span><br \/>\n<span style=\"font-size: 11pt;\"><a href=\"https:\/\/www.google.com\/maps\/dir\/?api=1&amp;destination=Gymnasium+Eggenberg+im+St.+Anna+Colleg\">Anfahrt<\/a><\/span><\/p>\n<\/div><\/div><\/div><div class=\"fusion-panel panel-default panel-4dfb180bbed45d898 fusion-toggle-has-divider\" style=\"--awb-title-color:#9aac0c;--awb-content-color:#37390a;\"><div class=\"panel-heading\"><h4 class=\"panel-title toggle\" id=\"toggle_4dfb180bbed45d898\"><a aria-expanded=\"false\" aria-controls=\"4dfb180bbed45d898\" role=\"button\" data-toggle=\"collapse\" data-parent=\"#accordion-784-2\" data-target=\"#4dfb180bbed45d898\" href=\"#4dfb180bbed45d898\"><span class=\"fusion-toggle-icon-wrapper\" aria-hidden=\"true\"><i class=\"fa-fusion-box active-icon awb-icon-minus\" aria-hidden=\"true\"><\/i><i class=\"fa-fusion-box inactive-icon awb-icon-plus\" aria-hidden=\"true\"><\/i><\/span><span class=\"fusion-toggle-heading\">Leitung<\/span><\/a><\/h4><\/div><div id=\"4dfb180bbed45d898\" class=\"panel-collapse collapse \" aria-labelledby=\"toggle_4dfb180bbed45d898\"><div class=\"panel-body toggle-content fusion-clearfix\">\n<table style=\"border-collapse: collapse; width: 98.9944%; height: 202px;\">\n<tbody>\n<tr style=\"height: 96px;\">\n<td style=\"width: 42.7334%; height: 96px; text-align: left; vertical-align: middle;\"><img decoding=\"async\" class=\"lazyload alignnone wp-image-6800 size-medium\" src=\"https:\/\/www.st-anna.eu\/wp-content\/uploads\/2023\/04\/BaCo-300x300.jpg\" data-orig-src=\"https:\/\/www.st-anna.eu\/wp-content\/uploads\/2023\/04\/BaCo-300x300.jpg\" alt=\"\" width=\"300\" height=\"300\" srcset=\"data:image\/svg+xml,%3Csvg%20xmlns%3D%27http%3A%2F%2Fwww.w3.org%2F2000%2Fsvg%27%20width%3D%27300%27%20height%3D%27300%27%20viewBox%3D%270%200%20300%20300%27%3E%3Crect%20width%3D%27300%27%20height%3D%27300%27%20fill-opacity%3D%220%22%2F%3E%3C%2Fsvg%3E\" data-srcset=\"https:\/\/www.st-anna.eu\/wp-content\/uploads\/2023\/04\/BaCo-66x66.jpg 66w, https:\/\/www.st-anna.eu\/wp-content\/uploads\/2023\/04\/BaCo-150x150.jpg 150w, https:\/\/www.st-anna.eu\/wp-content\/uploads\/2023\/04\/BaCo-200x200.jpg 200w, https:\/\/www.st-anna.eu\/wp-content\/uploads\/2023\/04\/BaCo-300x300.jpg 300w, https:\/\/www.st-anna.eu\/wp-content\/uploads\/2023\/04\/BaCo-320x320.jpg 320w, https:\/\/www.st-anna.eu\/wp-content\/uploads\/2023\/04\/BaCo-400x400.jpg 400w, https:\/\/www.st-anna.eu\/wp-content\/uploads\/2023\/04\/BaCo.jpg 600w\" data-sizes=\"auto\" data-orig-sizes=\"(max-width: 300px) 100vw, 300px\" \/><\/td>\n<td style=\"width: 2.23015%; vertical-align: bottom; height: 96px;\">\u00a0<\/td>\n<td style=\"width: 84.9361%; vertical-align: bottom; height: 96px;\"><span style=\"font-size: 11pt;\">Barbara Coenen<\/span><br \/>\n<span style=\"font-size: 11pt;\">Schulleitung<\/span><br \/>\n<span style=\"font-size: 11pt;\">Grundschule Eggenberg<\/span><br \/>\n<span style=\"font-size: 11pt;\">seit 2006 im St. Anna Colleg<\/span><\/td>\n<\/tr>\n<tr style=\"height: 8px;\">\n<td style=\"width: 42.7334%; vertical-align: bottom; height: 10px;\">\u00a0<\/td>\n<td style=\"width: 2.23015%; vertical-align: bottom; height: 10px;\">\u00a0<\/td>\n<td style=\"width: 84.9361%; vertical-align: bottom; height: 10px;\">\u00a0<\/td>\n<\/tr>\n<tr style=\"height: 96px;\">\n<td style=\"width: 42.7334%; height: 96px; text-align: left; vertical-align: top;\"><img decoding=\"async\" class=\"lazyload alignleft wp-image-6806 size-fusion-400\" src=\"https:\/\/www.st-anna.eu\/wp-content\/uploads\/2022\/11\/KaBe-2-400x400.jpg\" data-orig-src=\"https:\/\/www.st-anna.eu\/wp-content\/uploads\/2022\/11\/KaBe-2-400x400.jpg\" alt=\"\" width=\"400\" height=\"400\" srcset=\"data:image\/svg+xml,%3Csvg%20xmlns%3D%27http%3A%2F%2Fwww.w3.org%2F2000%2Fsvg%27%20width%3D%27400%27%20height%3D%27400%27%20viewBox%3D%270%200%20400%20400%27%3E%3Crect%20width%3D%27400%27%20height%3D%27400%27%20fill-opacity%3D%220%22%2F%3E%3C%2Fsvg%3E\" data-srcset=\"https:\/\/www.st-anna.eu\/wp-content\/uploads\/2022\/11\/KaBe-2-66x66.jpg 66w, https:\/\/www.st-anna.eu\/wp-content\/uploads\/2022\/11\/KaBe-2-150x150.jpg 150w, https:\/\/www.st-anna.eu\/wp-content\/uploads\/2022\/11\/KaBe-2-200x200.jpg 200w, https:\/\/www.st-anna.eu\/wp-content\/uploads\/2022\/11\/KaBe-2-300x300.jpg 300w, https:\/\/www.st-anna.eu\/wp-content\/uploads\/2022\/11\/KaBe-2-400x400.jpg 400w, https:\/\/www.st-anna.eu\/wp-content\/uploads\/2022\/11\/KaBe-2.jpg 600w\" data-sizes=\"auto\" data-orig-sizes=\"(max-width: 400px) 100vw, 400px\" \/><\/td>\n<td style=\"width: 2.23015%; vertical-align: bottom; height: 96px;\">\u00a0<\/td>\n<td style=\"width: 84.9361%; vertical-align: bottom; height: 96px;\"><span style=\"font-size: 11pt;\">Karola Beermann<\/span><br \/>\n<span style=\"font-size: 11pt;\">Stellv. Schulleitung<\/span><br \/>\n<span style=\"font-size: 11pt;\">Grundschule Eggenberg<\/span><br \/>\n<span style=\"font-size: 11pt;\">seit 1993 im St. Anna Colleg<\/span><\/td>\n<\/tr>\n<\/tbody>\n<\/table>\n<\/div><\/div><\/div><\/div><\/div><div class=\"fusion-text fusion-text-5 topmarginclass\"><p style=\"font-size: 14px; text-align: left;\"><a href=\"https:\/\/www.st-anna.eu\/de\/ueber-den-schulverbund\/stellenangebote\/\" target=\"_blank\" rel=\"noopener\">Stellenangebote<\/a><\/p>\n<\/div><\/div><\/div><\/div><\/div><\/p>\n","protected":false},"excerpt":{"rendered":"","protected":false},"author":1,"featured_media":0,"parent":511,"menu_order":4,"comment_status":"closed","ping_status":"closed","template":"100-width.php","meta":{"_acf_changed":false,"inline_featured_image":false,"footnotes":""},"class_list":["post-784","page","type-page","status-publish","hentry"],"acf":[],"yoast_head":"<!-- This site is optimized with the Yoast SEO plugin v27.5 - https:\/\/yoast.com\/product\/yoast-seo-wordpress\/ -->\n<title>Grundschule Eggenberg \u2013 Lehren im Team klappt am besten<\/title>\n<meta name=\"description\" content=\"Ein gelungener Schultag bedeutet Raum und Zeit f\u00fcr jedes einzelne Kind. Mit unseren Klassenteams aus Lehrern und P\u00e4dagogen klappt&#039;s!\" \/>\n<meta name=\"robots\" content=\"index, follow, max-snippet:-1, max-image-preview:large, max-video-preview:-1\" \/>\n<link rel=\"canonical\" href=\"https:\/\/www.st-anna.eu\/de\/grundschule-eggenberg-in-icking\/team-kontakt\/\" \/>\n<meta property=\"og:locale\" content=\"de_DE\" \/>\n<meta property=\"og:type\" content=\"article\" \/>\n<meta property=\"og:title\" content=\"Grundschule Eggenberg \u2013 Lehren im Team klappt am besten\" \/>\n<meta property=\"og:description\" content=\"Ein gelungener Schultag bedeutet Raum und Zeit f\u00fcr jedes einzelne Kind. Mit unseren Klassenteams aus Lehrern und P\u00e4dagogen klappt&#039;s!\" \/>\n<meta property=\"og:url\" content=\"https:\/\/www.st-anna.eu\/de\/grundschule-eggenberg-in-icking\/team-kontakt\/\" \/>\n<meta property=\"og:site_name\" content=\"St. Anna Colleg\" \/>\n<meta property=\"article:modified_time\" content=\"2026-01-02T11:34:14+00:00\" \/>\n<meta property=\"og:image\" content=\"https:\/\/www.st-anna.eu\/wp-content\/uploads\/2023\/04\/BaCo.jpg\" \/>\n\t<meta property=\"og:image:width\" content=\"600\" \/>\n\t<meta property=\"og:image:height\" content=\"600\" \/>\n\t<meta property=\"og:image:type\" content=\"image\/jpeg\" \/>\n<meta name=\"twitter:card\" content=\"summary_large_image\" \/>\n<meta name=\"twitter:label1\" content=\"Gesch\u00e4tzte Lesezeit\" \/>\n\t<meta name=\"twitter:data1\" content=\"6\u00a0Minuten\" \/>\n<script type=\"application\/ld+json\" class=\"yoast-schema-graph\">{\"@context\":\"https:\\\/\\\/schema.org\",\"@graph\":[{\"@type\":\"WebPage\",\"@id\":\"https:\\\/\\\/www.st-anna.eu\\\/de\\\/grundschule-eggenberg-in-icking\\\/team-kontakt\\\/\",\"url\":\"https:\\\/\\\/www.st-anna.eu\\\/de\\\/grundschule-eggenberg-in-icking\\\/team-kontakt\\\/\",\"name\":\"Grundschule Eggenberg \u2013 Lehren im Team klappt am besten\",\"isPartOf\":{\"@id\":\"https:\\\/\\\/www.st-anna.eu\\\/de\\\/#website\"},\"primaryImageOfPage\":{\"@id\":\"https:\\\/\\\/www.st-anna.eu\\\/de\\\/grundschule-eggenberg-in-icking\\\/team-kontakt\\\/#primaryimage\"},\"image\":{\"@id\":\"https:\\\/\\\/www.st-anna.eu\\\/de\\\/grundschule-eggenberg-in-icking\\\/team-kontakt\\\/#primaryimage\"},\"thumbnailUrl\":\"https:\\\/\\\/www.st-anna.eu\\\/wp-content\\\/uploads\\\/2023\\\/04\\\/BaCo-300x300.jpg\",\"datePublished\":\"2020-06-30T21:35:18+00:00\",\"dateModified\":\"2026-01-02T11:34:14+00:00\",\"description\":\"Ein gelungener Schultag bedeutet Raum und Zeit f\u00fcr jedes einzelne Kind. Mit unseren Klassenteams aus Lehrern und P\u00e4dagogen klappt's!\",\"breadcrumb\":{\"@id\":\"https:\\\/\\\/www.st-anna.eu\\\/de\\\/grundschule-eggenberg-in-icking\\\/team-kontakt\\\/#breadcrumb\"},\"inLanguage\":\"de\",\"potentialAction\":[{\"@type\":\"ReadAction\",\"target\":[\"https:\\\/\\\/www.st-anna.eu\\\/de\\\/grundschule-eggenberg-in-icking\\\/team-kontakt\\\/\"]}]},{\"@type\":\"ImageObject\",\"inLanguage\":\"de\",\"@id\":\"https:\\\/\\\/www.st-anna.eu\\\/de\\\/grundschule-eggenberg-in-icking\\\/team-kontakt\\\/#primaryimage\",\"url\":\"https:\\\/\\\/www.st-anna.eu\\\/wp-content\\\/uploads\\\/2023\\\/04\\\/BaCo-300x300.jpg\",\"contentUrl\":\"https:\\\/\\\/www.st-anna.eu\\\/wp-content\\\/uploads\\\/2023\\\/04\\\/BaCo-300x300.jpg\"},{\"@type\":\"BreadcrumbList\",\"@id\":\"https:\\\/\\\/www.st-anna.eu\\\/de\\\/grundschule-eggenberg-in-icking\\\/team-kontakt\\\/#breadcrumb\",\"itemListElement\":[{\"@type\":\"ListItem\",\"position\":1,\"name\":\"Startseite\",\"item\":\"https:\\\/\\\/www.st-anna.eu\\\/de\\\/\"},{\"@type\":\"ListItem\",\"position\":2,\"name\":\"Grundschule Eggenberg\",\"item\":\"https:\\\/\\\/www.st-anna.eu\\\/de\\\/grundschule-eggenberg-in-icking\\\/\"},{\"@type\":\"ListItem\",\"position\":3,\"name\":\"Grundschule &#8211; Team &#038; Kontakt\"}]},{\"@type\":\"WebSite\",\"@id\":\"https:\\\/\\\/www.st-anna.eu\\\/de\\\/#website\",\"url\":\"https:\\\/\\\/www.st-anna.eu\\\/de\\\/\",\"name\":\"St. Anna Colleg\",\"description\":\"Privatschulen im S\u00fcden von M\u00fcnchen \u2013 Grundschule und Gymnasium Eggenberg\",\"publisher\":{\"@id\":\"https:\\\/\\\/www.st-anna.eu\\\/de\\\/#organization\"},\"potentialAction\":[{\"@type\":\"SearchAction\",\"target\":{\"@type\":\"EntryPoint\",\"urlTemplate\":\"https:\\\/\\\/www.st-anna.eu\\\/de\\\/?s={search_term_string}\"},\"query-input\":{\"@type\":\"PropertyValueSpecification\",\"valueRequired\":true,\"valueName\":\"search_term_string\"}}],\"inLanguage\":\"de\"},{\"@type\":\"Organization\",\"@id\":\"https:\\\/\\\/www.st-anna.eu\\\/de\\\/#organization\",\"name\":\"St. Anna Colleg gemeinn\u00fctzige GmbH\",\"alternateName\":\"St. Anna Colleg\",\"url\":\"https:\\\/\\\/www.st-anna.eu\\\/de\\\/\",\"logo\":{\"@type\":\"ImageObject\",\"inLanguage\":\"de\",\"@id\":\"https:\\\/\\\/www.st-anna.eu\\\/de\\\/#\\\/schema\\\/logo\\\/image\\\/\",\"url\":\"https:\\\/\\\/www.st-anna.eu\\\/wp-content\\\/uploads\\\/2021\\\/09\\\/cropped-Logo.png\",\"contentUrl\":\"https:\\\/\\\/www.st-anna.eu\\\/wp-content\\\/uploads\\\/2021\\\/09\\\/cropped-Logo.png\",\"width\":512,\"height\":512,\"caption\":\"St. Anna Colleg gemeinn\u00fctzige GmbH\"},\"image\":{\"@id\":\"https:\\\/\\\/www.st-anna.eu\\\/de\\\/#\\\/schema\\\/logo\\\/image\\\/\"}}]}<\/script>\n<!-- \/ Yoast SEO plugin. -->","yoast_head_json":{"title":"Grundschule Eggenberg \u2013 Lehren im Team klappt am besten","description":"Ein gelungener Schultag bedeutet Raum und Zeit f\u00fcr jedes einzelne Kind. Mit unseren Klassenteams aus Lehrern und P\u00e4dagogen klappt's!","robots":{"index":"index","follow":"follow","max-snippet":"max-snippet:-1","max-image-preview":"max-image-preview:large","max-video-preview":"max-video-preview:-1"},"canonical":"https:\/\/www.st-anna.eu\/de\/grundschule-eggenberg-in-icking\/team-kontakt\/","og_locale":"de_DE","og_type":"article","og_title":"Grundschule Eggenberg \u2013 Lehren im Team klappt am besten","og_description":"Ein gelungener Schultag bedeutet Raum und Zeit f\u00fcr jedes einzelne Kind. Mit unseren Klassenteams aus Lehrern und P\u00e4dagogen klappt's!","og_url":"https:\/\/www.st-anna.eu\/de\/grundschule-eggenberg-in-icking\/team-kontakt\/","og_site_name":"St. Anna Colleg","article_modified_time":"2026-01-02T11:34:14+00:00","og_image":[{"width":600,"height":600,"url":"https:\/\/www.st-anna.eu\/wp-content\/uploads\/2023\/04\/BaCo.jpg","type":"image\/jpeg"}],"twitter_card":"summary_large_image","twitter_misc":{"Gesch\u00e4tzte Lesezeit":"6\u00a0Minuten"},"schema":{"@context":"https:\/\/schema.org","@graph":[{"@type":"WebPage","@id":"https:\/\/www.st-anna.eu\/de\/grundschule-eggenberg-in-icking\/team-kontakt\/","url":"https:\/\/www.st-anna.eu\/de\/grundschule-eggenberg-in-icking\/team-kontakt\/","name":"Grundschule Eggenberg \u2013 Lehren im Team klappt am besten","isPartOf":{"@id":"https:\/\/www.st-anna.eu\/de\/#website"},"primaryImageOfPage":{"@id":"https:\/\/www.st-anna.eu\/de\/grundschule-eggenberg-in-icking\/team-kontakt\/#primaryimage"},"image":{"@id":"https:\/\/www.st-anna.eu\/de\/grundschule-eggenberg-in-icking\/team-kontakt\/#primaryimage"},"thumbnailUrl":"https:\/\/www.st-anna.eu\/wp-content\/uploads\/2023\/04\/BaCo-300x300.jpg","datePublished":"2020-06-30T21:35:18+00:00","dateModified":"2026-01-02T11:34:14+00:00","description":"Ein gelungener Schultag bedeutet Raum und Zeit f\u00fcr jedes einzelne Kind. Mit unseren Klassenteams aus Lehrern und P\u00e4dagogen klappt's!","breadcrumb":{"@id":"https:\/\/www.st-anna.eu\/de\/grundschule-eggenberg-in-icking\/team-kontakt\/#breadcrumb"},"inLanguage":"de","potentialAction":[{"@type":"ReadAction","target":["https:\/\/www.st-anna.eu\/de\/grundschule-eggenberg-in-icking\/team-kontakt\/"]}]},{"@type":"ImageObject","inLanguage":"de","@id":"https:\/\/www.st-anna.eu\/de\/grundschule-eggenberg-in-icking\/team-kontakt\/#primaryimage","url":"https:\/\/www.st-anna.eu\/wp-content\/uploads\/2023\/04\/BaCo-300x300.jpg","contentUrl":"https:\/\/www.st-anna.eu\/wp-content\/uploads\/2023\/04\/BaCo-300x300.jpg"},{"@type":"BreadcrumbList","@id":"https:\/\/www.st-anna.eu\/de\/grundschule-eggenberg-in-icking\/team-kontakt\/#breadcrumb","itemListElement":[{"@type":"ListItem","position":1,"name":"Startseite","item":"https:\/\/www.st-anna.eu\/de\/"},{"@type":"ListItem","position":2,"name":"Grundschule Eggenberg","item":"https:\/\/www.st-anna.eu\/de\/grundschule-eggenberg-in-icking\/"},{"@type":"ListItem","position":3,"name":"Grundschule &#8211; Team &#038; Kontakt"}]},{"@type":"WebSite","@id":"https:\/\/www.st-anna.eu\/de\/#website","url":"https:\/\/www.st-anna.eu\/de\/","name":"St. Anna Colleg","description":"Privatschulen im S\u00fcden von M\u00fcnchen \u2013 Grundschule und Gymnasium Eggenberg","publisher":{"@id":"https:\/\/www.st-anna.eu\/de\/#organization"},"potentialAction":[{"@type":"SearchAction","target":{"@type":"EntryPoint","urlTemplate":"https:\/\/www.st-anna.eu\/de\/?s={search_term_string}"},"query-input":{"@type":"PropertyValueSpecification","valueRequired":true,"valueName":"search_term_string"}}],"inLanguage":"de"},{"@type":"Organization","@id":"https:\/\/www.st-anna.eu\/de\/#organization","name":"St. Anna Colleg gemeinn\u00fctzige GmbH","alternateName":"St. Anna Colleg","url":"https:\/\/www.st-anna.eu\/de\/","logo":{"@type":"ImageObject","inLanguage":"de","@id":"https:\/\/www.st-anna.eu\/de\/#\/schema\/logo\/image\/","url":"https:\/\/www.st-anna.eu\/wp-content\/uploads\/2021\/09\/cropped-Logo.png","contentUrl":"https:\/\/www.st-anna.eu\/wp-content\/uploads\/2021\/09\/cropped-Logo.png","width":512,"height":512,"caption":"St. Anna Colleg gemeinn\u00fctzige GmbH"},"image":{"@id":"https:\/\/www.st-anna.eu\/de\/#\/schema\/logo\/image\/"}}]}},"_links":{"self":[{"href":"https:\/\/www.st-anna.eu\/de\/wp-json\/wp\/v2\/pages\/784","targetHints":{"allow":["GET"]}}],"collection":[{"href":"https:\/\/www.st-anna.eu\/de\/wp-json\/wp\/v2\/pages"}],"about":[{"href":"https:\/\/www.st-anna.eu\/de\/wp-json\/wp\/v2\/types\/page"}],"author":[{"embeddable":true,"href":"https:\/\/www.st-anna.eu\/de\/wp-json\/wp\/v2\/users\/1"}],"replies":[{"embeddable":true,"href":"https:\/\/www.st-anna.eu\/de\/wp-json\/wp\/v2\/comments?post=784"}],"version-history":[{"count":11,"href":"https:\/\/www.st-anna.eu\/de\/wp-json\/wp\/v2\/pages\/784\/revisions"}],"predecessor-version":[{"id":9125,"href":"https:\/\/www.st-anna.eu\/de\/wp-json\/wp\/v2\/pages\/784\/revisions\/9125"}],"up":[{"embeddable":true,"href":"https:\/\/www.st-anna.eu\/de\/wp-json\/wp\/v2\/pages\/511"}],"wp:attachment":[{"href":"https:\/\/www.st-anna.eu\/de\/wp-json\/wp\/v2\/media?parent=784"}],"curies":[{"name":"wp","href":"https:\/\/api.w.org\/{rel}","templated":true}]}}